{"id":2367,"date":"2023-05-08T14:49:12","date_gmt":"2023-05-08T19:49:12","guid":{"rendered":"https:\/\/www.prestaperu.com.pe\/?page_id=2367"},"modified":"2026-01-16T12:19:26","modified_gmt":"2026-01-16T17:19:26","slug":"comunicados-2023","status":"publish","type":"page","link":"https:\/\/www.prestaperu.com.pe\/index.php\/comunicados-2023\/","title":{"rendered":"COMUNICADOS 2023"},"content":{"rendered":"\n<p class=\"has-white-color has-text-color\">.<\/p>\n\n\n\n<p class=\"has-white-color has-text-color\">.<\/p>\n\n\n\n<p class=\"has-text-align-center has-text-color has-large-font-size\" style=\"color:#2e468cf2\"><strong>ENT\u00c9RATE <strong>POR AQU\u00cd<\/strong> DE TODOS NUESTROS COMUNICADOS<\/strong><\/p>\n\n\n\n<p class=\"has-text-align-center has-text-color has-large-font-size\" style=\"color:#2e468cf2\"><strong>SOBRE LA LIQUIDACI\u00d3N<\/strong>&nbsp;<strong>Y MAS:<\/strong><\/p>\n\n\n\n<p class=\"has-white-color has-text-color has-medium-font-size\">.<\/p>\n\n\n<div class=\"wp-block-image\">\n<figure class=\"aligncenter size-full is-resized\"><img loading=\"lazy\" decoding=\"async\" width=\"300\" height=\"556\" src=\"https:\/\/www.prestaperu.com.pe\/wp-content\/uploads\/2023\/12\/image-3.png\" alt=\"\" class=\"wp-image-3636\" style=\"aspect-ratio:0.5396022330774599;width:103px;height:auto\" srcset=\"https:\/\/www.prestaperu.com.pe\/wp-content\/uploads\/2023\/12\/image-3.png 300w, https:\/\/www.prestaperu.com.pe\/wp-content\/uploads\/2023\/12\/image-3-162x300.png 162w\" sizes=\"auto, (max-width: 300px) 100vw, 300px\" \/><\/figure>\n<\/div>\n\n\n<p class=\"has-white-color has-text-color has-medium-font-size\">&#8230;.<\/p>\n\n\n\n<div class=\"wp-block-buttons is-content-justification-right is-layout-flex wp-container-core-buttons-is-layout-765c4724 wp-block-buttons-is-layout-flex\">\n<div class=\"wp-block-button is-style-outline is-style-outline--1\" id=\"SUBASTA\"><a class=\"wp-block-button__link has-white-color has-vivid-red-background-color has-text-color has-background wp-element-button\" href=\"#23\" style=\"border-radius:13px\"><strong>\u00daltimo comunicado:             <\/strong><\/a><\/div>\n\n\n\n<div class=\"wp-block-button is-style-outline is-style-outline--2\" id=\"SUBASTA\"><a class=\"wp-block-button__link has-white-color has-vivid-red-background-color has-text-color has-background wp-element-button\" style=\"border-radius:13px\"> <strong>N\u00b0 <\/strong>23<\/a><\/div>\n<\/div>\n\n\n\n<div class=\"wp-block-buttons is-content-justification-right is-layout-flex wp-container-core-buttons-is-layout-765c4724 wp-block-buttons-is-layout-flex\">\n<div class=\"wp-block-button is-style-outline is-style-outline--3\" id=\"SUBASTA\"><a class=\"wp-block-button__link has-white-color has-vivid-red-background-color has-text-color has-background wp-element-button\" href=\"#Absoluci\u00f3n-de-Consultas\" style=\"border-radius:13px\">Aviso Absoluci\u00f3n de Consultas de Subasta N\u00b0 01-2023<\/a><\/div>\n<\/div>\n\n\n\n<div class=\"wp-block-buttons is-content-justification-right is-layout-flex wp-container-core-buttons-is-layout-765c4724 wp-block-buttons-is-layout-flex\">\n<div class=\"wp-block-button is-style-outline is-style-outline--4\" id=\"SUBASTA\"><a class=\"wp-block-button__link has-white-color has-vivid-red-background-color has-text-color has-background wp-element-button\" href=\"#FE-DE-ERRATAS\" style=\"border-radius:13px\">FE DE ERRATAS del Anexo II &#8211; Bases Subastas P\u00fablica N\u00b0 01-2023<\/a><\/div>\n\n\n\n<div class=\"wp-block-button is-style-outline is-style-outline--5\" id=\"SUBASTA\"><a class=\"wp-block-button__link has-white-color has-vivid-red-background-color has-text-color has-background wp-element-button\" style=\"border-radius:13px\"> Avisos del Comit\u00e9 de Subastas<\/a><\/div>\n<\/div>\n\n\n\n<p class=\"has-white-color has-text-color\"><\/p>\n\n\n\n<p class=\"has-text-align-center\">________________________________________________________________________________________________________________<\/p>\n\n\n\n<p><mark style=\"background-color:rgba(0, 0, 0, 0)\" class=\"has-inline-color has-white-color\">.<\/mark><\/p>\n\n\n\n<p>.<\/p>\n\n\n\n<h2 class=\"wp-block-heading alignwide has-text-align-center has-white-color has-text-color has-background\" id=\"we-re-a-studio-in-berlin-with-an-international-practice-in-architecture-urban-planning-and-interior-design-we-believe-in-sharing-knowledge-and-promoting-dialogue-to-increase-the-creative-potential-of-collaboration\" style=\"background-color:#2e468cf2;font-size:54px;line-height:1.1\"><strong>A\u00d1O 2023<\/strong><\/h2>\n\n\n\n<p>.<\/p>\n\n\n\n<p>.<\/p>\n\n\n<p class=\"has-text-align-center\" style=\"text-align: center;\"><span style=\"color: #993300;\"><strong>________________________________________________________________________________________________________<\/strong><\/span><\/p>\n<p><!-- \/wp:post-content --><\/p>\n<p><!-- wp:paragraph --><\/p>\n<p>\u00a0<\/p>\n<div class=\"wp-block-group\">\n<p>\u00a0<\/p>\n<p class=\"wp-block-heading has-text-align-center\"><span style=\"color: #1a1a99;\"><strong>COOPERATIVA DE AHORRO Y CR\u00c9DITO DEL PER\u00da LTDA. EN LIQUIDACI\u00d3N (PRESTAPERU)<\/strong><\/span><\/p>\n<p class=\"wp-block-heading has-text-align-center\"><span style=\"color: #1a1a99;\"><strong>COMUNICADO N\u00ba 23-2023-PRESTAPERU-LIQ.<\/strong><\/span><\/p>\n<\/div>\n<p class=\"has-text-align-center\">\u00a0<\/p>\n<div class=\"wp-block-group\">\n<p class=\"has-text-align-center\" style=\"text-align: center;\"><strong>Se pone\u00a0en conocimiento de los socios y del p\u00fablico en general, que dentro del<\/strong><br \/><strong>proceso de liquidaci\u00f3n de la Cooperativa, se ha dispuesto la venta de:<\/strong><\/p>\n<p style=\"text-align: center;\"><a href=\"https:\/\/www.prestaperu.com.pe\/wp-content\/uploads\/2023\/12\/foto-auto-nissan-negro.jpg\" target=\"_blank\" rel=\"noopener\"><span style=\"color: #ff0000;\"><strong>01 Auto Nissan Sentra \u2013 Sedan A\u00f1o 2015<\/strong><\/span><\/a><\/p>\n<p style=\"text-align: center;\"><strong>Para cuyo efecto, se adjunta al presente comunicado la informaci\u00f3n respectiva.<\/strong><\/p>\n<p style=\"text-align: center;\"><strong>Exhibici\u00f3n: Av. Goyeneche 305 &#8211; Arequipa, Cercado.<\/strong><\/p>\n<p style=\"text-align: center;\"><strong>A partir del d\u00eda 18 &#8211; 12 &#8211; 2023<\/strong><\/p>\n<p style=\"text-align: center;\"><strong>Horario: 10:00 am a 1:00 pm.<\/strong><\/p>\n<p>\u00a0<\/p>\n<p class=\"has-text-align-center\"><strong>Arequipa, 13 de diciembre del 2023.<\/strong><\/p>\n<p class=\"has-text-align-center\"><strong>Liquidadora Judicial de la Cooperativa de Ahorro y Cr\u00e9dito del Per\u00fa Ltda. en<\/strong><br \/><strong>Liquidaci\u00f3n (PRESTAPERU)<\/strong><\/p>\n<\/div>\n<div class=\"wp-block-group\">\n<div class=\"wp-block-buttons\">\n<div class=\"wp-block-buttons\">\n<div class=\"wp-block-buttons\">\n<div class=\"wp-block-buttons is-layout-flex wp-block-buttons-is-layout-flex\">\n<div class=\"wp-block-button is-style-outline\"><a class=\"wp-block-button__link has-white-background-color has-text-color has-background wp-element-button\" style=\"border-radius: 36px; color: #2e468cf2;\" href=\"https:\/\/www.prestaperu.com.pe\/wp-content\/uploads\/2023\/12\/Auto-Nissan-Sentra-1-1.pdf\" target=\"_blank\" rel=\"noreferrer noopener\">Descarga aqu\u00ed el archivo adjunto<\/a><\/div>\n<\/div>\n<\/div>\n<\/div>\n<\/div>\n<\/div>\n<figure><\/figure>\n<figure><\/figure>\n<figure><\/figure>\n<p><!-- \/wp:paragraph --><\/p>\n<p><!-- wp:paragraph --><\/p>\n<p><!-- \/wp:paragraph --><\/p>\n<p><!-- wp:paragraph --><\/p>\n<p><mark class=\"has-inline-color has-white-color\" style=\"background-color: rgba(0, 0, 0, 0);\">..<\/mark><\/p>\n<p><!-- \/wp:paragraph --><\/p>\n<p><!-- wp:paragraph --><\/p>\n<p><!-- \/wp:paragraph --><\/p>\n<p><!-- wp:paragraph --><\/p>\n<p style=\"text-align: center;\"><span style=\"color: #993300;\"><mark class=\"has-inline-color has-white-color\" style=\"background-color: rgba(0, 0, 0, 0);\">.<\/mark><strong>______________________________________________________________________________<\/strong><\/span><\/p>\n<p><!-- \/wp:paragraph --><\/p>\n<p><!-- wp:paragraph {\"align\":\"center\"} --><\/p>\n<p><!-- \/wp:paragraph --><\/p>\n<p><!-- wp:paragraph --><\/p>\n<p>\u00a0<\/p>\n<p>\u00a0<\/p>\n<p><!-- \/wp:paragraph --><\/p>\n<p><!-- wp:heading {\"textAlign\":\"center\"} --><\/p>\n<p class=\"wp-block-heading has-text-align-center\"><span style=\"color: #1a1a99;\"><strong>COOPERATIVA DE AHORRO Y CR\u00c9DITO DEL PER\u00da LTDA. EN LIQUIDACI\u00d3N (PRESTAPERU)<\/strong><\/span><\/p>\n<p><span style=\"color: #1a1a99;\"><!-- \/wp:heading --><\/span><\/p>\n<p><span style=\"color: #1a1a99;\"><!-- wp:heading {\"textAlign\":\"center\"} --><\/span><\/p>\n<p class=\"wp-block-heading has-text-align-center\"><span style=\"color: #1a1a99;\"><strong>COMUNICADO N\u00ba 22-2023-PRESTAPERU-LIQ.<\/strong><\/span><\/p>\n<p><!-- \/wp:heading --><\/p>\n<p><!-- wp:paragraph --><\/p>\n<p>\u00a0<\/p>\n<p><!-- \/wp:paragraph --><\/p>\n<p><!-- wp:heading {\"textAlign\":\"center\"} --><\/p>\n<p class=\"wp-block-heading has-text-align-center\">Se pone en conocimiento de los socios y del p\u00fablico en general, que, dentro del proceso de liquidaci\u00f3n de la Cooperativa, continuando con la venta directa de muebles y otros, se comunica la ampliaci\u00f3n del cat\u00e1logo (tarimas, colchones, veladores, comod\u00edn, sof\u00e1, televisores y sillas), en la misma sede de venta y mismo horario de atenci\u00f3n: martes a viernes de 10:00 am a 4:00 pm.<\/p>\n<p><!-- \/wp:heading --><\/p>\n<p><!-- wp:heading {\"textAlign\":\"center\"} --><\/p>\n<p class=\"wp-block-heading has-text-align-center\">Se adjunta cat\u00e1logo.<\/p>\n<p><!-- \/wp:heading --><\/p>\n<p><!-- wp:heading {\"textAlign\":\"center\"} --><\/p>\n<p class=\"wp-block-heading has-text-align-center\"><strong>Arequipa, 16 noviembre del 2023<\/strong><\/p>\n<p><!-- \/wp:heading --><\/p>\n<p><!-- wp:paragraph --><\/p>\n<p>\u00a0<\/p>\n<p><!-- \/wp:paragraph --><\/p>\n<p><!-- wp:heading {\"textAlign\":\"center\"} --><\/p>\n<p class=\"wp-block-heading has-text-align-center\">Liquidadora Judicial de la Cooperativa de Ahorro y Cr\u00e9dito del Per\u00fa Ltda. en Liquidaci\u00f3n (PRESTAPERU)<\/p>\n<div class=\"wp-block-buttons\">\n<div class=\"wp-block-group\">\n<div class=\"wp-block-buttons\">\n<div class=\"wp-block-buttons\">\n<div class=\"wp-block-buttons\">\n<div class=\"wp-block-buttons is-layout-flex wp-block-buttons-is-layout-flex\">\n<div class=\"wp-block-button is-style-outline\"><a class=\"wp-block-button__link has-white-background-color has-text-color has-background wp-element-button\" style=\"border-radius: 36px; color: #2e468cf2;\" href=\"https:\/\/www.prestaperu.com.pe\/wp-content\/uploads\/2023\/11\/Brochure-muebles-3Cat_Goyeneche2023.pdf\" target=\"_blank\" rel=\"noreferrer noopener\">Descarga aqu\u00ed el archivo adjunto<\/a><\/div>\n<\/div>\n<\/div>\n<\/div>\n<\/div>\n<\/div>\n<div class=\"wp-block-button is-style-outline\">\u00a0<\/div>\n<div><strong><a href=\"https:\/\/www.prestaperu.com.pe\/index.php\/comunicados-2023\">regresar al inicio<\/a><\/strong><\/div>\n<\/div>\n<p><!-- \/wp:heading --><\/p>\n<p><!-- wp:paragraph --><\/p>\n<p><mark class=\"has-inline-color has-white-color\" style=\"background-color: rgba(0, 0, 0, 0);\">.<\/mark><\/p>\n<p><!-- \/wp:paragraph --><\/p>\n<p><!-- wp:paragraph --><\/p>\n<p style=\"text-align: center;\"><span style=\"color: #993300;\"><mark class=\"has-inline-color has-white-color\" style=\"background-color: rgba(0, 0, 0, 0);\">.<\/mark><strong><mark class=\"has-inline-color has-black-color\" style=\"background-color: rgba(0, 0, 0, 0);\">____________________________________________________________________________________________________________<\/mark><\/strong><\/span><\/p>\n<p><!-- \/wp:paragraph --><\/p>\n<p><!-- wp:paragraph {\"align\":\"center\"} --><\/p>\n<p><!-- \/wp:paragraph --><\/p>\n<p><!-- wp:heading {\"textAlign\":\"center\",\"style\":{\"color\":{\"text\":\"#2e468cf2\"},\"typography\":{\"fontSize\":\"22px\"}}} --><\/p>\n<p class=\"has-white-color has-text-color\">\u00a0<\/p>\n<p>\u00a0<\/p>\n<p><!-- \/wp:heading --><\/p>\n<p><!-- wp:heading {\"textAlign\":\"center\",\"style\":{\"color\":{\"text\":\"#2e468cf2\"},\"typography\":{\"fontSize\":\"22px\"}}} --><\/p>\n<h2 class=\"wp-block-heading has-text-align-center has-text-color\" style=\"color: #2e468cf2; font-size: 22px;\"><strong><span style=\"color: #333399;\">COOPERATIVA DE AHORRO Y CR\u00c9DITO DEL PER\u00da LTDA. EN LIQUIDACI\u00d3N (PRESTAPERU)<\/span><\/strong><\/h2>\n<p><!-- \/wp:heading --><\/p>\n<p><!-- wp:heading {\"textAlign\":\"center\",\"style\":{\"color\":{\"text\":\"#2e468cf2\"},\"typography\":{\"fontSize\":\"22px\"}},\"className\":\"18\"} --><\/p>\n<h2 class=\"wp-block-heading has-text-align-center 18 has-text-color\" style=\"color: #2e468cf2; font-size: 22px;\"><strong><span style=\"color: #333399;\">COMUNICADO N\u00ba 21-2023-PRESTAPERU-LIQ.<\/span><\/strong><\/h2>\n<p><!-- \/wp:heading --><\/p>\n<p><!-- wp:paragraph --><\/p>\n<p><!-- \/wp:paragraph --><\/p>\n<p><!-- wp:heading {\"textAlign\":\"center\"} --><\/p>\n<h2 class=\"wp-block-heading has-text-align-center\"><mark class=\"has-inline-color\" style=\"background-color: rgba(0, 0, 0, 0); color: #0a0b5b;\">SUBASTA P\u00daBLICA N\u00b0 03-2023-PRESTAPERU-LIQ, <\/mark><\/h2>\n<h2 class=\"wp-block-heading has-text-align-center\"><span style=\"color: #ff0000;\"><mark class=\"has-inline-color\" style=\"background-color: rgba(0, 0, 0, 0);\">FINALIZADA!!<\/mark><\/span><\/h2>\n<p><!-- \/wp:heading --><\/p>\n<p><!-- wp:paragraph {\"textColor\":\"white\"} --><\/p>\n<p class=\"has-white-color has-text-color\">\u00a0<\/p>\n<p><!-- \/wp:paragraph --><\/p>\n<p><!-- \/wp:paragraph --><!-- wp:paragraph {\"align\":\"center\"} --><\/p>\n<p><!-- wp:paragraph {\"align\":\"center\"} --><\/p>\n<h4 style=\"text-align: center;\">Se pone en conocimiento de los socios de PRESTAPERU en Liquidaci\u00f3n y del<br \/>p\u00fablico en general, que dentro del proceso de liquidaci\u00f3n de la Cooperativa, se ha<br \/>dispuesto la venta de bienes inmuebles a trav\u00e9s de la Subasta P\u00fablica N\u00b0 03-<br \/>2023-PRESTAPERU-LIQ, cuyas bases adjuntas al presente Comunicado son<br \/>publicadas en la p\u00e1gina web de la Cooperativa.<\/h4>\n<h4 class=\"has-text-align-center\"><strong>Arequipa, 11 de noviembre del 2023.<\/strong><\/h4>\n<p><!-- \/wp:paragraph --> <!-- wp:paragraph {\"align\":\"center\",\"style\":{\"typography\":{\"fontSize\":\"20px\"}}} --><\/p>\n<h4 class=\"has-text-align-center\"><strong>Liquidadora Judicial de la Cooperativa de Ahorro y Cr\u00e9dito del Per\u00fa Ltda. en Liquidaci\u00f3n (PRESTAPERU).<\/strong><\/h4>\n<div class=\"wp-block-group\">\n<div class=\"wp-block-buttons\">\n<div class=\"wp-block-buttons\">\n<div class=\"wp-block-buttons\">\n<div class=\"wp-block-buttons is-layout-flex wp-block-buttons-is-layout-flex\">\n<div class=\"wp-block-button is-style-outline\"><a class=\"wp-block-button__link has-white-background-color has-text-color has-background wp-element-button\" style=\"border-radius: 36px; color: #2e468cf2;\" href=\"https:\/\/www.prestaperu.com.pe\/wp-content\/uploads\/2023\/11\/Subasta-Publica-03-2023.pdf\" target=\"_blank\" rel=\"noreferrer noopener\">Descarga aqu\u00ed las Bases\u00a0<\/a><\/div>\n<\/div>\n<\/div>\n<\/div>\n<div>\u00a0<\/div>\n<div>\u00a0<\/div>\n<\/div>\n<\/div>\n<div>\n<div class=\"wp-block-group\">\n<div class=\"wp-block-buttons\">\n<div class=\"wp-block-buttons\">\n<div class=\"wp-block-buttons\">\n<div class=\"wp-block-buttons is-layout-flex wp-block-buttons-is-layout-flex\">\n<div class=\"wp-block-button is-style-outline\"><a class=\"wp-block-button__link has-white-background-color has-text-color has-background wp-element-button\" style=\"border-radius: 36px; color: #2e468cf2;\" href=\"https:\/\/www.prestaperu.com.pe\/wp-content\/uploads\/2023\/12\/PUBLICACIONES-EN-DIARIOS-FOTOS-Y-BOLETIN.pdf\" target=\"_blank\" rel=\"noreferrer noopener\">Descarga aqu\u00ed el archivo con los Avisos en los Peri\u00f3dicos<\/a><\/div>\n<div>\u00a0<\/div>\n<\/div>\n<\/div>\n<\/div>\n<\/div>\n<\/div>\n<div>\u00a0<\/div>\n<\/div>\n<p class=\"has-white-color has-text-color\"><!-- \/wp:image --> <!-- wp:paragraph --><\/p>\n<p class=\"has-white-color has-text-color\"><!-- \/wp:paragraph --><\/p>\n<p><!-- \/wp:paragraph --><\/p>\n<p><!-- wp:paragraph --><\/p>\n<p><strong><a href=\"https:\/\/www.prestaperu.com.pe\/index.php\/comunicados-2023\">regresar al inicio<\/a><\/strong><\/p>\n<p>\u00a0<\/p>\n<p class=\"has-text-align-center\" style=\"text-align: center;\"><span style=\"color: #993300;\"><mark class=\"has-inline-color\" style=\"background-color: rgba(0, 0, 0, 0);\">______________________________________________________________________________________________________<\/mark><\/span><\/p>\n<p><!-- \/wp:paragraph --><\/p>\n<p><!-- wp:paragraph --><\/p>\n<h2 class=\"wp-block-heading has-text-align-center has-text-color\" style=\"color: #2e468cf2; font-size: 22px;\">\u00a0<\/h2>\n<p>\u00a0<\/p>\n<p><!-- \/wp:heading --><\/p>\n<h4 align=\"center\"><!-- wp:heading {\"textAlign\":\"center\",\"style\":{\"color\":{\"text\":\"#2e468cf2\"},\"typography\":{\"fontSize\":\"22px\"}}} --><\/h4>\n<h2 class=\"wp-block-heading has-text-align-center has-text-color\"><strong><span style=\"color: #333399;\">COOPERATIVA DE AHORRO Y CR\u00c9DITO DEL PER\u00da LTDA. EN LIQUIDACI\u00d3N (PRESTAPERU)<\/span><\/strong><\/h2>\n<h4 align=\"center\"><strong><span style=\"color: #333399;\"><!-- \/wp:heading --> <!-- wp:heading {\"textAlign\":\"center\",\"style\":{\"color\":{\"text\":\"#2e468cf2\"},\"typography\":{\"fontSize\":\"22px\"}},\"className\":\"18\"} --><\/span><\/strong><\/h4>\n<h2 class=\"wp-block-heading has-text-align-center 18 has-text-color\"><strong><span style=\"color: #333399;\">COMUNICADO N\u00ba 20-2023-PRESTAPERU-LIQ.<\/span><\/strong><\/h2>\n<h4 align=\"center\"><!-- \/wp:heading --> <!-- wp:paragraph {\"textColor\":\"white\"} --><\/h4>\n<p class=\"has-white-color has-text-color\">\u00a0<\/p>\n<h4 align=\"center\"><!-- \/wp:paragraph --><\/h4>\n<h4 class=\"has-text-align-center\" style=\"text-align: center;\" align=\"center\"><strong>Se pone en conocimiento de los socios y del p\u00fablico en general, que dentro del proceso de liquidaci\u00f3n de la Cooperativa se ha dispuesto la venta directa de bienes muebles de oficina y otros.<\/strong><\/h4>\n<h4 class=\"has-text-align-center\" style=\"text-align: center;\" align=\"center\"><strong>Habi\u00e9ndose programado la venta a partir del d\u00eda martes 14 de noviembre del 2023, la venta ser\u00e1 de martes a viernes de 10:00 a.m. a 4:00 p.m. Las 2 primeras semanas (del 14 hasta el 24 noviembre).<\/strong><\/h4>\n<h3><span style=\"color: #333399;\"><strong>A partir de la 3era semana, es decir del d\u00eda mi\u00e9rcoles 29 de noviembre en adelante, la atenci\u00f3n ser\u00e1 de mi\u00e9rcoles a viernes en el horario de 10:00 a.m a 2:00 p.m.<\/strong><\/span><\/h3>\n<p><!-- \/wp:paragraph --><!-- wp:paragraph {\"align\":\"center\"} --><\/p>\n<h4 class=\"has-text-align-center\" style=\"text-align: center;\" align=\"center\"><span style=\"color: #333399;\">Lugar de venta:<\/span> <em><span style=\"color: #333399;\">Av. <strong>Goyeneche<\/strong> 305, distrito, provincia<\/span>\u00a0y <span style=\"color: #333399;\">departamento de Arequipa (Sede de la Cooperativa)<\/span><\/em><span style=\"color: #333399;\">.<\/span><\/h4>\n<p><!-- wp:paragraph {\"align\":\"center\"} --><\/p>\n<h4 style=\"text-align: center;\"><strong>Para cuyo efecto, se adjunta al presente comunicado la informaci\u00f3n respectiva. Asimismo se hace presente, que la compra se puede realizar en efectivo, a trav\u00e9s de tarjeta de d\u00e9bito o cr\u00e9dito.<\/strong><\/h4>\n<p><!-- \/wp:paragraph --> <!-- wp:paragraph {\"align\":\"center\"} --><\/p>\n<h4>\u00a0<\/h4>\n<h4 class=\"has-text-align-center\"><strong>Arequipa,\u00a0 10 de Noviembre del 2023.<\/strong><\/h4>\n<p><!-- \/wp:paragraph --> <!-- wp:paragraph {\"align\":\"center\",\"style\":{\"typography\":{\"fontSize\":\"20px\"}}} --><\/p>\n<h4 class=\"has-text-align-center\"><strong>Liquidadora Judicial de la Cooperativa de Ahorro y Cr\u00e9dito del Per\u00fa Ltda. en Liquidaci\u00f3n (PRESTAPERU).<\/strong><\/h4>\n<div class=\"wp-block-buttons\">\n<div class=\"wp-block-buttons\">\n<div class=\"wp-block-buttons is-layout-flex wp-block-buttons-is-layout-flex\">\n<div class=\"wp-block-button is-style-outline\"><a class=\"wp-block-button__link has-white-background-color has-text-color has-background wp-element-button\" style=\"border-radius: 36px; color: #2e468cf2;\" href=\"https:\/\/www.prestaperu.com.pe\/wp-content\/uploads\/2023\/11\/Brochure-muebles-2Cat_Goyeneche2023-2.pdf\" target=\"_blank\" rel=\"noreferrer noopener\">Descarga aqu\u00ed el Brouchure de Venta de Muebles y otros<\/a><\/div>\n<div class=\"wp-block-button is-style-outline\">\u00a0<\/div>\n<\/div>\n<p class=\"has-white-color has-text-color\"><strong style=\"font-size: revert; color: initial;\"><a href=\"https:\/\/www.prestaperu.com.pe\/index.php\/comunicados-2023\">regresar al inicio<\/a><\/strong><\/p>\n<\/div>\n<\/div>\n<p><!-- \/wp:paragraph --><\/p>\n<p><!-- wp:paragraph {\"textColor\":\"white\"} --><\/p>\n<p class=\"has-white-color has-text-color\">\u00a0<\/p>\n<p><!-- \/wp:paragraph --><\/p>\n<p><!-- wp:paragraph {\"textColor\":\"white\"} --><\/p>\n<p class=\"has-white-color has-text-color\" style=\"text-align: center;\"><span style=\"color: #993300;\"><mark class=\"has-inline-color has-white-color\" style=\"background-color: rgba(0, 0, 0, 0);\">.<\/mark><mark class=\"has-inline-color\" style=\"background-color: rgba(0, 0, 0, 0);\">__________________________________________________________________________________________________________<\/mark><\/span><\/p>\n<p><!-- \/wp:paragraph --><\/p>\n<p><!-- wp:paragraph {\"align\":\"center\"} --><\/p>\n<p><!-- \/wp:paragraph --><\/p>\n<p><!-- wp:paragraph --><\/p>\n<p>\u00a0<\/p>\n<p>\u00a0<\/p>\n<p><!-- \/wp:paragraph --><\/p>\n<p><!-- wp:paragraph {\"textColor\":\"white\"} --><\/p>\n<p><!-- \/wp:paragraph --><\/p>\n<p><!-- wp:paragraph {\"align\":\"center\",\"style\":{\"color\":{\"text\":\"#2e468cf2\"},\"typography\":{\"fontSize\":\"22px\"}}} --><\/p>\n<p class=\"has-text-align-center has-text-color\" style=\"color: #2e468cf2; font-size: 22px;\"><strong>COOPERATIVA DE AHORRO Y CR\u00c9DITO DEL PER\u00da LTDA. EN LIQUIDACI\u00d3N (PRESTAPERU)<\/strong><\/p>\n<p><!-- \/wp:paragraph --><\/p>\n<p><!-- wp:paragraph {\"align\":\"center\",\"style\":{\"color\":{\"text\":\"#2e468cf2\"},\"typography\":{\"fontSize\":\"22px\"}},\"className\":\"18\"} --><\/p>\n<p class=\"has-text-align-center 18 has-text-color\" style=\"color: #2e468cf2; font-size: 22px;\"><strong>COMUNICADO N\u00ba 19-2023-PRESTAPERU-LIQ.<\/strong><\/p>\n<p><!-- \/wp:paragraph --><\/p>\n<p><!-- wp:paragraph {\"textColor\":\"white\"} --><\/p>\n<p class=\"has-white-color has-text-color\">\u00a0<\/p>\n<p><!-- \/wp:paragraph --><\/p>\n<p><!-- wp:paragraph {\"align\":\"center\"} --><\/p>\n<p class=\"has-text-align-center\">Se pone en conocimiento de los socios y del p\u00fablico en general, los Estados<br \/>Financieros y el Flujo de Caja de la Cooperativa de Ahorro y Cr\u00e9dito del Per\u00fa Ltda.<br \/>en Liquidaci\u00f3n al 30.09.2023.<\/p>\n<p>\u00a0<\/p>\n<p><!-- \/wp:paragraph --><\/p>\n<p><!-- wp:paragraph {\"align\":\"center\",\"style\":{\"typography\":{\"fontSize\":\"20px\"}}} --><\/p>\n<p class=\"has-text-align-center\" style=\"font-size: 20px;\">Arequipa, 31 de octubre del 2023.<\/p>\n<p><!-- \/wp:paragraph --><\/p>\n<p><!-- wp:heading {\"textAlign\":\"center\",\"style\":{\"typography\":{\"fontSize\":\"20px\"}}} --><\/p>\n<h2 class=\"wp-block-heading has-text-align-center\" style=\"font-size: 20px;\"><strong>Liquidadora Judicial de la Cooperativa de Ahorro y Cr\u00e9dito del Per\u00fa Ltda. en Liquidaci\u00f3n (PRESTAPERU).<\/strong><\/h2>\n<p><!-- \/wp:heading --><\/p>\n<p><!-- wp:paragraph --><\/p>\n<div class=\"wp-block-buttons\">\n<div class=\"wp-block-buttons\">\n<div class=\"wp-block-buttons is-layout-flex wp-block-buttons-is-layout-flex\">\n<div class=\"wp-block-button is-style-outline\"><a class=\"wp-block-button__link has-white-background-color has-text-color has-background wp-element-button\" style=\"border-radius: 36px; color: #2e468cf2;\" href=\"https:\/\/www.prestaperu.com.pe\/wp-content\/uploads\/2023\/10\/EEFF-Julio-Setiembre.pdf\" target=\"_blank\" rel=\"noreferrer noopener\">Descarga aqu\u00ed los Estados Financieros 2023<\/a>\u00a0<\/div>\n<\/div>\n<div class=\"wp-block-buttons is-layout-flex wp-block-buttons-is-layout-flex\">\n<div class=\"wp-block-button is-style-outline\"><a class=\"wp-block-button__link has-white-background-color has-text-color has-background wp-element-button\" style=\"border-radius: 36px; color: #2e468cf2;\" href=\"https:\/\/www.prestaperu.com.pe\/wp-content\/uploads\/2023\/10\/FLUJO-DE-CAJA-SETIEMBRE.pdf\" target=\"_blank\" rel=\"noreferrer noopener\">Descarga aqu\u00ed el Flujo de Caja Setiembre 2023<\/a><\/div>\n<\/div>\n<\/div>\n<\/div>\n<p><!-- \/wp:paragraph --><\/p>\n<p><!-- wp:paragraph {\"textColor\":\"white\"} --><\/p>\n<p><!-- \/wp:paragraph --><\/p>\n<p><!-- wp:paragraph --><\/p>\n<p><mark class=\"has-inline-color has-white-color\" style=\"background-color: rgba(0, 0, 0, 0);\">.<\/mark><strong><a href=\"https:\/\/www.prestaperu.com.pe\/index.php\/comunicados-2023\">regresar al inicio<\/a><\/strong><\/p>\n<p><!-- \/wp:paragraph --><\/p>\n<p><!-- wp:paragraph {\"textColor\":\"white\"} --><\/p>\n<p><!-- \/wp:paragraph --><\/p>\n<p><!-- wp:paragraph --><\/p>\n<p><!-- \/wp:paragraph --><\/p>\n<p><!-- wp:paragraph {\"textColor\":\"white\"} --><\/p>\n<p class=\"has-white-color has-text-color\">\u00a0<\/p>\n<p><!-- \/wp:paragraph --><\/p>\n<p><!-- wp:paragraph {\"align\":\"center\",\"style\":{\"color\":{\"text\":\"#2e468cf2\"}}} --><\/p>\n<p class=\"has-text-align-center has-text-color\" style=\"color: rgba(46, 70, 140, 0.95); text-align: center;\"><span style=\"color: #993300;\">__________________________________________________________________________________<\/span><\/p>\n<p><!-- \/wp:paragraph --><\/p>\n<p><!-- wp:paragraph {\"textColor\":\"white\"} --><\/p>\n<p class=\"has-white-color has-text-color\">\u00a0<\/p>\n<p>\u00a0<\/p>\n<p><!-- \/wp:paragraph --><\/p>\n<p><!-- wp:paragraph {\"align\":\"center\",\"style\":{\"color\":{\"text\":\"#2e468cf2\"},\"typography\":{\"fontSize\":\"22px\"}}} --><\/p>\n<p class=\"has-text-align-center has-text-color\" style=\"color: #2e468cf2; font-size: 22px;\"><strong>COOPERATIVA DE AHORRO Y CR\u00c9DITO DEL PER\u00da LTDA. EN LIQUIDACI\u00d3N (PRESTAPERU)<\/strong><\/p>\n<p><!-- \/wp:paragraph --><\/p>\n<p><!-- wp:paragraph {\"align\":\"center\",\"style\":{\"color\":{\"text\":\"#2e468cf2\"},\"typography\":{\"fontSize\":\"22px\"}},\"className\":\"18\"} --><\/p>\n<p class=\"has-text-align-center 18 has-text-color\" style=\"color: #2e468cf2; font-size: 22px;\"><strong>COMUNICADO N\u00ba 18-2023-PRESTAPERU-LIQ.<\/strong><\/p>\n<p><!-- \/wp:paragraph --><\/p>\n<p><!-- wp:paragraph {\"textColor\":\"white\"} --><\/p>\n<p class=\"has-white-color has-text-color\">\u00a0<\/p>\n<p><!-- \/wp:paragraph --><\/p>\n<p><!-- wp:paragraph {\"style\":{\"typography\":{\"fontSize\":\"20px\"}}} --><\/p>\n<p style=\"font-size: 20px;\">Se pone en conocimiento de los socios y del p\u00fablico en general, que, dentro del proceso de liquidaci\u00f3n de la Cooperativa, se ha dispuesto dar en alquiler los siguientes inmuebles:<\/p>\n<p><!-- \/wp:paragraph --><\/p>\n<p><!-- wp:list --><\/p>\n<ul><!-- wp:list-item {\"style\":{\"typography\":{\"fontSize\":\"20px\"}}} --><\/ul>\n<ul>\n<li style=\"font-size: 20px;\">Calle Comercio 412- 416- 418 Secci\u00f3n II, Mollendo \u00a0(Local para Hotel).<\/li>\n<\/ul>\n<p><!-- \/wp:list-item --><\/p>\n<p><!-- wp:list-item {\"style\":{\"typography\":{\"fontSize\":\"20px\"}}} --><\/p>\n<ul>\n<li style=\"font-size: 20px;\">Calle Blondell 169, Mollendo \u00a0(Local para Hotel).<\/li>\n<\/ul>\n<p><!-- \/wp:list-item --><\/p>\n<p><!-- wp:list-item {\"style\":{\"typography\":{\"fontSize\":\"20px\"}}} --><\/p>\n<ul>\n<li style=\"font-size: 20px;\">Calle Comercio 412- 416 \u2013 418 Secci\u00f3n I Mollendo, (Ex Agencia).<\/li>\n<\/ul>\n<p><!-- \/wp:list-item --><\/p>\n<p><!-- \/wp:list --><\/p>\n<p><!-- wp:paragraph {\"align\":\"center\",\"style\":{\"typography\":{\"fontSize\":\"20px\"}}} --><\/p>\n<p class=\"has-text-align-center\" style=\"font-size: 20px;\">Los interesados podr\u00e1n presentar sus propuestas econ\u00f3micas escritas en la Av. Goyeneche 305 Arequipa o remitirlo al correo:\u00a0<a href=\"mailto:comunicaciones.prestaperu@gmail.com\">comunicaciones.prestaperu@gmail.com<\/a>. La propuesta debe contener el monto del alquiler mensual y el plazo de vigencia del contrato.<\/p>\n<p><!-- \/wp:paragraph --><\/p>\n<p><!-- wp:paragraph {\"align\":\"center\",\"style\":{\"typography\":{\"fontSize\":\"20px\"}}} --><\/p>\n<p class=\"has-text-align-center\" style=\"font-size: 20px;\">Presentaci\u00f3n de propuestas hasta el d\u00eda\u00a0 Mi\u00e9rcoles 18-10-2023.\u00a0\u00a0<\/p>\n<p><!-- \/wp:paragraph --><\/p>\n<p><!-- wp:paragraph {\"align\":\"center\",\"style\":{\"typography\":{\"fontSize\":\"20px\"}}} --><\/p>\n<p class=\"has-text-align-center\" style=\"font-size: 20px;\">Visita de locales: S\u00f3lo el d\u00eda Martes 17-10-2023 en el horario de 8:00 am a 2 pm.<\/p>\n<p><!-- \/wp:paragraph --><\/p>\n<p><!-- wp:paragraph {\"align\":\"center\",\"style\":{\"typography\":{\"fontSize\":\"20px\"}}} --><\/p>\n<p class=\"has-text-align-center\" style=\"font-size: 20px;\">Arequipa,\u00a0 12 de octubre del 2023.<\/p>\n<p><!-- \/wp:paragraph --><\/p>\n<p><!-- wp:paragraph {\"align\":\"center\",\"style\":{\"typography\":{\"fontSize\":\"20px\"}}} --><\/p>\n<p class=\"has-text-align-center\" style=\"font-size: 20px;\">Liquidadora Judicial de la Cooperativa de Ahorro y Cr\u00e9dito del Per\u00fa Ltda. en Liquidaci\u00f3n (PRESTAPERU).<\/p>\n<p><!-- \/wp:paragraph --><\/p>\n<p><!-- wp:paragraph {\"textColor\":\"white\"} --><\/p>\n<p class=\"has-white-color has-text-color\">\u00a0<\/p>\n<p>\u00a0<\/p>\n<p><!-- \/wp:paragraph --><\/p>\n<p><!-- wp:image {\"align\":\"center\",\"id\":3439,\"width\":\"1265px\",\"height\":\"470px\"} --><\/p>\n<figure class=\"wp-block-image aligncenter is-resized\"><img loading=\"lazy\" decoding=\"async\" width=\"958\" height=\"356\" class=\"wp-image-3439\" style=\"width: 1265px; height: 470px;\" src=\"https:\/\/www.prestaperu.com.pe\/wp-content\/uploads\/2023\/10\/image.png\" alt=\"\" srcset=\"https:\/\/www.prestaperu.com.pe\/wp-content\/uploads\/2023\/10\/image.png 958w, https:\/\/www.prestaperu.com.pe\/wp-content\/uploads\/2023\/10\/image-300x111.png 300w, https:\/\/www.prestaperu.com.pe\/wp-content\/uploads\/2023\/10\/image-768x285.png 768w\" sizes=\"auto, (max-width: 958px) 100vw, 958px\" \/><\/figure>\n<p><!-- \/wp:image --><\/p>\n<p><!-- wp:paragraph {\"textColor\":\"white\"} --><\/p>\n<p><!-- \/wp:paragraph --><\/p>\n<p><!-- wp:image {\"id\":3448,\"width\":\"173px\",\"height\":\"130px\",\"sizeSlug\":\"full\",\"linkDestination\":\"none\"} --><\/p>\n<p><!-- \/wp:paragraph --><\/p>\n<p><!-- wp:paragraph {\"textColor\":\"white\"} --><\/p>\n<p><!-- \/wp:paragraph --><\/p>\n<p><!-- wp:paragraph {\"textColor\":\"white\"} --><\/p>\n<p><!-- \/wp:paragraph --><\/p>\n<p><!-- wp:paragraph {\"textColor\":\"white\"} --><\/p>\n<p><!-- \/wp:paragraph --><\/p>\n<p><!-- wp:paragraph --><\/p>\n<p><strong><a href=\"https:\/\/www.prestaperu.com.pe\/index.php\/comunicados-2023\">regresar al inicio<\/a><\/strong><\/p>\n<p>\u00a0<\/p>\n<p><!-- \/wp:paragraph --><\/p>\n<p><!-- wp:paragraph {\"textColor\":\"white\"} --><\/p>\n<p class=\"has-white-color has-text-color\" style=\"text-align: center;\">&#8230;<span style=\"color: #993300;\"><strong>___________________________________________________________________________________________<\/strong><\/span><\/p>\n<p><!-- \/wp:paragraph --><\/p>\n<p><!-- wp:paragraph {\"textColor\":\"white\"} --><\/p>\n<p><!-- \/wp:paragraph --><\/p>\n<p><!-- wp:paragraph {\"align\":\"center\",\"style\":{\"color\":{\"text\":\"#2e468cf2\"}}} --><\/p>\n<p><!-- \/wp:paragraph --><\/p>\n<p><!-- wp:paragraph {\"textColor\":\"white\"} --><\/p>\n<p class=\"has-white-color has-text-color\">\u00a0<\/p>\n<p><!-- \/wp:paragraph --><\/p>\n<p><!-- wp:paragraph {\"align\":\"center\",\"style\":{\"typography\":{\"fontSize\":\"28px\"},\"color\":{\"text\":\"#2e468cf2\"}}} --><\/p>\n<p class=\"has-text-align-center has-text-color\" style=\"color: #2e468cf2; font-size: 28px;\"><strong>COOPERATIVA DE AHORRO Y CR\u00c9DITO DEL PER\u00da LTDA. EN LIQUIDACI\u00d3N (PRESTAPERU)<\/strong><\/p>\n<p><!-- \/wp:paragraph --><\/p>\n<p><!-- wp:paragraph {\"align\":\"center\",\"style\":{\"typography\":{\"fontSize\":\"28px\"},\"color\":{\"text\":\"#2e468cf2\"}}} --><\/p>\n<p id=\"17\" class=\"has-text-align-center has-text-color\" style=\"color: #2e468cf2; font-size: 28px;\"><strong>COMUNICADO N\u00ba 17-2023-PRESTAPERU-LIQ.<\/strong><\/p>\n<p><!-- \/wp:paragraph --><\/p>\n<p><!-- wp:paragraph {\"textColor\":\"white\"} --><\/p>\n<p class=\"has-white-color has-text-color\">\u00a0<\/p>\n<p><!-- \/wp:paragraph --><\/p>\n<p><!-- wp:paragraph {\"align\":\"center\",\"style\":{\"typography\":{\"fontSize\":\"22px\"}}} --><\/p>\n<p class=\"has-text-align-center\" style=\"font-size: 22px;\">Se pone en conocimiento de los socios y del p\u00fablico en general, que la venta<br \/>directa de los bienes de oficina se efectuar\u00e1 los d\u00edas mi\u00e9rcoles, jueves y viernes.<\/p>\n<p><!-- \/wp:paragraph --><\/p>\n<p><!-- wp:paragraph {\"align\":\"center\",\"style\":{\"typography\":{\"fontSize\":\"22px\"}}} --><\/p>\n<p class=\"has-text-align-center\" style=\"font-size: 22px;\">A partir del d\u00eda mi\u00e9rcoles 02 de agosto del 2023, en el horario de 10:00 a.m. a 2:00 p.m.<\/p>\n<p><!-- \/wp:paragraph --><\/p>\n<p><!-- wp:paragraph {\"align\":\"center\",\"style\":{\"typography\":{\"fontSize\":\"22px\"}}} --><\/p>\n<p class=\"has-text-align-center\" style=\"font-size: 22px;\">Venta que se realizar\u00e1 en la Av. Goyeneche 305, distrito, provincia y departamento<br \/>de Arequipa (Sede de la Cooperativa).<br \/>Asimismo se hace presente, que la compra puede realizarse en efectivo, a trav\u00e9s<br \/>de tarjeta de d\u00e9bito o cr\u00e9dito.<\/p>\n<p><!-- \/wp:paragraph --><\/p>\n<p><!-- wp:paragraph {\"align\":\"center\",\"style\":{\"typography\":{\"fontSize\":\"22px\"}}} --><\/p>\n<p class=\"has-text-align-center\" style=\"font-size: 22px;\">Arequipa, julio del 2023.<\/p>\n<p><!-- \/wp:paragraph --><\/p>\n<p><!-- wp:paragraph {\"textColor\":\"white\"} --><\/p>\n<p class=\"has-white-color has-text-color\">\u00a0<\/p>\n<p><!-- \/wp:paragraph --><\/p>\n<p><!-- wp:paragraph {\"align\":\"center\",\"style\":{\"typography\":{\"fontSize\":\"22px\"}}} --><\/p>\n<p class=\"has-text-align-center\" style=\"font-size: 22px;\">Liquidadora Judicial de la Cooperativa de Ahorro y Cr\u00e9dito del Per\u00fa Ltda. en<br \/>Liquidaci\u00f3n (PRESTAPERU).<\/p>\n<p>\u00a0<\/p>\n<p><!-- \/wp:paragraph --><\/p>\n<p><!-- wp:paragraph {\"align\":\"center\",\"style\":{\"typography\":{\"fontSize\":\"22px\"}},\"textColor\":\"white\"} --><\/p>\n<p>\u00a0<\/p>\n<p class=\"has-text-align-center has-vivid-red-color has-text-color\" style=\"text-align: center;\"><span style=\"color: #993300;\"><strong>________________________________________________________________________________________________________________<\/strong><\/span><\/p>\n<p><!-- \/wp:paragraph --><\/p>\n<p><!-- wp:paragraph {\"textColor\":\"white\"} --><\/p>\n<p id=\"block-1138d5fe-ca87-4168-8a8a-23a4e8817f51\" class=\"has-white-color has-text-color\">\u00a0<\/p>\n<p>\u00a0<\/p>\n<p><!-- \/wp:paragraph --><\/p>\n<p><!-- wp:image {\"align\":\"center\",\"id\":3301,\"width\":\"490px\",\"height\":\"490px\",\"sizeSlug\":\"full\",\"linkDestination\":\"none\"} --><\/p>\n<p><!-- \/wp:image --><\/p>\n<p><!-- wp:paragraph {\"textColor\":\"white\"} --><\/p>\n<p><!-- \/wp:paragraph --><\/p>\n<p><!-- wp:paragraph {\"align\":\"center\",\"style\":{\"typography\":{\"fontSize\":\"28px\"}},\"textColor\":\"vivid-red\"} --><\/p>\n<p class=\"has-text-align-center has-vivid-red-color has-text-color\" style=\"font-size: 28px;\"><span style=\"color: #1a1a99;\"><strong>COOPERATIVA DE AHORRO Y CR\u00c9DITO DEL PER\u00da LTDA. EN LIQUIDACI\u00d3N (PRESTAPERU)<\/strong><\/span><\/p>\n<p><span style=\"color: #1a1a99;\"><!-- \/wp:paragraph --><\/span><\/p>\n<p><span style=\"color: #1a1a99;\"><!-- wp:paragraph {\"align\":\"center\",\"style\":{\"typography\":{\"fontSize\":\"28px\"}},\"textColor\":\"vivid-red\"} --><\/span><\/p>\n<p id=\"COMUNICADO-N\u00ba-16\" class=\"has-text-align-center has-vivid-red-color has-text-color\" style=\"font-size: 28px;\"><span style=\"color: #1a1a99;\"><strong>COMUNICADO N\u00ba 16-2023-PRESTAPERU-LIQ.<\/strong><\/span><\/p>\n<h3 style=\"text-align: center;\"><span style=\"color: #ff0000;\"><strong>FINALIZADA !!<\/strong><\/span><\/h3>\n<p><!-- \/wp:paragraph --><\/p>\n<p><!-- wp:paragraph {\"textColor\":\"white\"} --><\/p>\n<p class=\"has-white-color has-text-color\">\u00a0<\/p>\n<p><!-- \/wp:paragraph --><\/p>\n<p><!-- wp:paragraph {\"align\":\"center\",\"style\":{\"typography\":{\"fontSize\":\"22px\"}}} --><\/p>\n<p class=\"has-text-align-center\" style=\"font-size: 22px;\">Se pone en conocimiento de los socios de PRESTAPERU en Liquidaci\u00f3n y del<br \/>p\u00fablico en general, que dentro del proceso de liquidaci\u00f3n de la Cooperativa, se ha<br \/>dispuesto la venta de bienes inmuebles a trav\u00e9s de la Subasta P\u00fablica N\u00b0 02-<br \/>2023-PRESTAPERU-LIQ, cuyas bases adjuntas al presente Comunicado son<br \/>publicadas en la p\u00e1gina web de la Cooperativa.<\/p>\n<p><!-- \/wp:paragraph --><\/p>\n<p><!-- wp:paragraph {\"align\":\"center\",\"style\":{\"typography\":{\"fontSize\":\"22px\"}},\"textColor\":\"white\"} --><\/p>\n<p>\u00a0<\/p>\n<p class=\"has-text-align-center\" style=\"font-size: 22px;\">Arequipa, julio del 2023.<\/p>\n<p><!-- \/wp:paragraph --><\/p>\n<p><!-- wp:paragraph {\"align\":\"center\",\"style\":{\"typography\":{\"fontSize\":\"22px\"}}} --><\/p>\n<p class=\"has-text-align-center\" style=\"font-size: 22px;\">Liquidadora Judicial de la Cooperativa de Ahorro y Cr\u00e9dito del Per\u00fa Ltda. en<br \/>Liquidaci\u00f3n (PRESTAPERU)<\/p>\n<div class=\"wp-block-buttons\">\n<div class=\"wp-block-buttons\">\n<div class=\"wp-block-buttons is-layout-flex wp-block-buttons-is-layout-flex\">\n<div class=\"wp-block-button is-style-outline\"><a class=\"wp-block-button__link has-white-background-color has-text-color has-background wp-element-button\" style=\"border-radius: 36px; color: #2e468cf2;\" href=\"https:\/\/www.prestaperu.com.pe\/wp-content\/uploads\/2023\/07\/Bases-subasta-publica-N\u00b0-2.pdf\" target=\"_blank\" rel=\"noreferrer noopener\">Descarga aqu\u00ed las Bases<\/a><\/div>\n<\/div>\n<\/div>\n<\/div>\n<p><!-- \/wp:paragraph --><\/p>\n<p><!-- wp:paragraph {\"textColor\":\"white\"} --><\/p>\n<div class=\"wp-block-buttons\">\n<div class=\"wp-block-buttons\">\n<div class=\"wp-block-buttons is-layout-flex wp-block-buttons-is-layout-flex\">\n<div class=\"wp-block-button is-style-outline\"><a class=\"wp-block-button__link has-white-background-color has-text-color has-background wp-element-button\" style=\"border-radius: 36px; color: #2e468cf2;\" href=\"https:\/\/www.prestaperu.com.pe\/wp-content\/uploads\/2023\/08\/Avisos-Publicitarios-de-la-Subasta-Publica-Nro.-02-2023.pdf\" target=\"_blank\" rel=\"noreferrer noopener\">Descarga aqu\u00ed los archivos de Avisos en los Peri\u00f3dicos<\/a><\/div>\n<p class=\"has-white-color has-text-color\">.<\/p>\n<\/div>\n<\/div>\n<\/div>\n<p><!-- \/wp:paragraph --><\/p>\n<p><!-- wp:paragraph {\"textColor\":\"white\"} --><\/p>\n<p><!-- \/wp:paragraph --><\/p>\n<p><!-- wp:paragraph --><\/p>\n<p class=\"has-white-color has-text-color\"><strong><a href=\"https:\/\/www.prestaperu.com.pe\/index.php\/comunicados-2023\">regresar al inicio<\/a><\/strong><\/p>\n<p><!-- \/wp:paragraph --><\/p>\n<p><!-- wp:buttons --><\/p>\n<div class=\"wp-block-buttons\"><!-- wp:button {\"textColor\":\"vivid-red\",\"className\":\"is-style-outline\"} --><\/div>\n<p><!-- \/wp:button --><\/p>\n<p><!-- \/wp:buttons --><\/p>\n<p><!-- wp:paragraph {\"textColor\":\"white\"} --><\/p>\n<p><!-- \/wp:paragraph --><\/p>\n<p><!-- wp:image {\"align\":\"left\",\"width\":\"93px\",\"height\":\"93px\",\"sizeSlug\":\"large\",\"linkDestination\":\"none\"} --><\/p>\n<p><!-- \/wp:image --><\/p>\n<p><!-- wp:paragraph {\"textColor\":\"white\"} --><\/p>\n<p><!-- \/wp:paragraph --><\/p>\n<p><!-- wp:paragraph {\"textColor\":\"white\"} --><\/p>\n<p><!-- \/wp:paragraph --><\/p>\n<p><!-- wp:paragraph {\"textColor\":\"white\"} --><\/p>\n<p><!-- \/wp:paragraph --><\/p>\n<p><!-- wp:paragraph {\"textColor\":\"white\"} --><\/p>\n<p><!-- \/wp:paragraph --><\/p>\n<p><!-- wp:paragraph --><\/p>\n<p><!-- \/wp:paragraph --><\/p>\n<p><!-- wp:paragraph {\"textColor\":\"white\"} --><\/p>\n<p>\u00a0<\/p>\n<p id=\"block-74880bde-1281-46d9-b46c-2a329c04871f\" class=\"has-text-align-center has-vivid-red-color has-text-color\" style=\"text-align: center;\"><span style=\"color: #993300;\"><strong>________________________________________________________________________________________________________________<\/strong><\/span><\/p>\n<p><!-- \/wp:paragraph --><\/p>\n<p><!-- wp:paragraph {\"textColor\":\"white\"} --><\/p>\n<p id=\"block-53ebafa0-78e8-4902-ac44-9096f8b1c828\" class=\"has-white-color has-text-color\">\u00a0<\/p>\n<p>\u00a0<\/p>\n<p><!-- \/wp:paragraph --><\/p>\n<p><!-- wp:paragraph {\"align\":\"center\",\"style\":{\"typography\":{\"fontSize\":\"28px\"},\"color\":{\"text\":\"#2e468cf2\"}}} --><\/p>\n<p class=\"has-text-align-center has-text-color\" style=\"color: #2e468cf2; font-size: 28px;\"><strong>COOPERATIVA DE AHORRO Y CR\u00c9DITO DEL PER\u00da LTDA. EN LIQUIDACI\u00d3N (PRESTAPERU)<\/strong><\/p>\n<p><!-- \/wp:paragraph --><\/p>\n<p><!-- wp:paragraph {\"align\":\"center\",\"style\":{\"typography\":{\"fontSize\":\"28px\"},\"color\":{\"text\":\"#2e468cf2\"}}} --><\/p>\n<p class=\"has-text-align-center has-text-color\" style=\"color: #2e468cf2; font-size: 28px;\"><strong>COMUNICADO N\u00ba 15-2023-PRESTAPERU-LIQ.<\/strong><\/p>\n<p><!-- \/wp:paragraph --><\/p>\n<p><!-- wp:paragraph {\"textColor\":\"white\"} --><\/p>\n<p class=\"has-white-color has-text-color\">\u00a0<\/p>\n<p><!-- \/wp:paragraph --><\/p>\n<p><!-- wp:paragraph {\"align\":\"center\",\"style\":{\"typography\":{\"fontSize\":\"22px\"}}} --><\/p>\n<p class=\"has-text-align-center\" style=\"font-size: 22px;\">Se pone en conocimiento de los socios y del p\u00fablico en general, que dentro del proceso de liquidaci\u00f3n de la Cooperativa se ha dispuesto la venta directa de bienes:<\/p>\n<p><!-- \/wp:paragraph --><\/p>\n<p><!-- wp:paragraph {\"align\":\"center\",\"style\":{\"typography\":{\"fontSize\":\"22px\"}}} --><\/p>\n<p class=\"has-text-align-center\" style=\"font-size: 22px;\"><strong>&#8211;<\/strong> <strong>Muebles de oficina<\/strong><\/p>\n<p><!-- \/wp:paragraph --><\/p>\n<p><!-- wp:paragraph {\"align\":\"center\",\"style\":{\"typography\":{\"fontSize\":\"22px\"}}} --><\/p>\n<p class=\"has-text-align-center\" style=\"font-size: 22px;\">Habi\u00e9ndose programado la venta a partir del d\u00eda Lunes 24 de julio del 2023.<\/p>\n<p><!-- \/wp:paragraph --><\/p>\n<p><!-- wp:paragraph {\"align\":\"center\",\"style\":{\"typography\":{\"fontSize\":\"22px\"}}} --><\/p>\n<p class=\"has-text-align-center\" style=\"font-size: 22px;\">Lugar: Avenida Goyeneche 305, distrito, provincia y departamento de Arequipa (Sede de la Cooperativa)<\/p>\n<p><!-- \/wp:paragraph --><\/p>\n<p><!-- wp:paragraph {\"align\":\"center\",\"style\":{\"typography\":{\"fontSize\":\"22px\"}}} --><\/p>\n<p class=\"has-text-align-center\" style=\"font-size: 22px;\">Visitas: 10.00 am a 4:00 pm.<\/p>\n<p><!-- \/wp:paragraph --><\/p>\n<p><!-- wp:paragraph {\"align\":\"center\",\"style\":{\"typography\":{\"fontSize\":\"22px\"}}} --><\/p>\n<p class=\"has-text-align-center\" style=\"font-size: 22px;\">Se adjunta al presente comunicado la informaci\u00f3n respectiva.<\/p>\n<p><!-- \/wp:paragraph --><\/p>\n<p><!-- wp:paragraph {\"align\":\"center\",\"style\":{\"typography\":{\"fontSize\":\"22px\"}}} --><\/p>\n<p class=\"has-text-align-center\" style=\"font-size: 22px;\">Asimismo, se hace presente, que la compra puede realizarse en efectivo, a trav\u00e9s de tarjeta de d\u00e9bito o cr\u00e9dito.<\/p>\n<p><!-- \/wp:paragraph --><\/p>\n<p><!-- wp:paragraph {\"style\":{\"typography\":{\"fontSize\":\"22px\"}},\"textColor\":\"white\"} --><\/p>\n<p>\u00a0<\/p>\n<p class=\"has-text-align-center\" style=\"font-size: 22px;\">Arequipa, julio del 2023.<\/p>\n<p><!-- \/wp:paragraph --><\/p>\n<p><!-- wp:paragraph {\"align\":\"center\",\"style\":{\"typography\":{\"fontSize\":\"22px\"}}} --><\/p>\n<p class=\"has-text-align-center\" style=\"font-size: 22px;\">Liquidadora Judicial de la Cooperativa de Ahorro y Cr\u00e9dito del Per\u00fa Ltda. en Liquidaci\u00f3n (PRESTAPERU).<\/p>\n<p><!-- \/wp:paragraph --><\/p>\n<p><!-- wp:paragraph {\"textColor\":\"white\"} --><\/p>\n<div class=\"wp-block-buttons\">\n<div class=\"wp-block-buttons\">\n<div class=\"wp-block-buttons is-layout-flex wp-block-buttons-is-layout-flex\">\n<div class=\"wp-block-button is-style-outline\"><a class=\"wp-block-button__link has-white-background-color has-text-color has-background wp-element-button\" style=\"border-radius: 36px; color: #2e468cf2;\" href=\"https:\/\/www.prestaperu.com.pe\/wp-content\/uploads\/2023\/07\/Brochure-muebles-julio-2023.pdf\" target=\"_blank\" rel=\"noreferrer noopener\">Descarga aqu\u00ed las Bases<\/a><\/div>\n<\/div>\n<\/div>\n<\/div>\n<p><!-- \/wp:paragraph --><\/p>\n<p><!-- wp:paragraph {\"textColor\":\"white\"} --><\/p>\n<div class=\"wp-block-buttons\">\n<div class=\"wp-block-buttons\"><strong><a href=\"https:\/\/www.prestaperu.com.pe\/index.php\/comunicados-2023\">regresar al inicio<\/a><\/strong><\/div>\n<\/div>\n<p><!-- \/wp:paragraph --><\/p>\n<p><!-- wp:paragraph {\"textColor\":\"white\"} --><\/p>\n<p>\u00a0<\/p>\n<p id=\"block-74880bde-1281-46d9-b46c-2a329c04871f\" class=\"has-text-align-center has-vivid-red-color has-text-color\" style=\"text-align: center;\"><span style=\"color: #993300;\">________________________________________________________________________________________________________________<\/span><\/p>\n<p><!-- \/wp:paragraph --><\/p>\n<p><!-- wp:paragraph {\"textColor\":\"white\"} --><\/p>\n<p id=\"block-1138d5fe-ca87-4168-8a8a-23a4e8817f51\" class=\"has-white-color has-text-color\">\u00a0<\/p>\n<p>\u00a0<\/p>\n<p><!-- \/wp:paragraph --><\/p>\n<p><!-- wp:paragraph {\"align\":\"center\",\"style\":{\"typography\":{\"fontSize\":\"28px\"},\"color\":{\"text\":\"#2e468cf2\"}}} --><\/p>\n<p class=\"has-text-align-center has-text-color\" style=\"color: #2e468cf2; font-size: 28px;\"><strong>COOPERATIVA DE AHORRO Y CR\u00c9DITO DEL PER\u00da LTDA. EN LIQUIDACI\u00d3N (PRESTAPERU)<\/strong><\/p>\n<p><!-- \/wp:paragraph --><\/p>\n<p><!-- wp:paragraph {\"align\":\"center\",\"style\":{\"typography\":{\"fontSize\":\"28px\"},\"color\":{\"text\":\"#2e468cf2\"}}} --><\/p>\n<p class=\"has-text-align-center has-text-color\" style=\"color: #2e468cf2; font-size: 28px;\"><strong>COMUNICADO N\u00ba 14-2023-PRESTAPERU-LIQ.<\/strong><\/p>\n<p><!-- \/wp:paragraph --><\/p>\n<p><!-- wp:paragraph {\"textColor\":\"white\"} --><\/p>\n<p class=\"has-white-color has-text-color\">\u00a0<\/p>\n<p><!-- \/wp:paragraph --><\/p>\n<p><!-- wp:paragraph {\"align\":\"center\",\"style\":{\"typography\":{\"fontSize\":\"22px\"}},\"textColor\":\"black\"} --><\/p>\n<p class=\"has-text-align-center has-black-color has-text-color\" style=\"font-size: 22px;\">Se pone en conocimiento de los socios y del p\u00fablico en general, los Estados<br \/>Financieros y el Flujo de Caja al 30.06.2023, de la Cooperativa de Ahorro y<br \/>Cr\u00e9dito del Per\u00fa Ltda. en Liquidaci\u00f3n.<\/p>\n<p><!-- \/wp:paragraph --><\/p>\n<p><!-- wp:paragraph {\"align\":\"center\",\"style\":{\"typography\":{\"fontSize\":\"22px\"}}} --><\/p>\n<p>\u00a0<\/p>\n<p class=\"has-text-align-center\" style=\"font-size: 22px;\">Arequipa, julio del 2023.<\/p>\n<p><!-- \/wp:paragraph --><\/p>\n<p><!-- wp:paragraph {\"align\":\"center\",\"style\":{\"typography\":{\"fontSize\":\"22px\"}}} --><\/p>\n<p class=\"has-text-align-center\" style=\"font-size: 22px;\">Liquidadora Judicial de la Cooperativa de Ahorro y Cr\u00e9dito del Per\u00fa Ltda. en<br \/>Liquidaci\u00f3n (PRESTAPERU)<\/p>\n<p><!-- \/wp:paragraph --><\/p>\n<p><!-- wp:paragraph {\"textColor\":\"white\"} --><\/p>\n<div class=\"wp-block-buttons\">\n<div class=\"wp-block-buttons\">\n<div class=\"wp-block-buttons is-layout-flex wp-block-buttons-is-layout-flex\">\n<div class=\"wp-block-button is-style-outline\"><a class=\"wp-block-button__link has-white-background-color has-text-color has-background wp-element-button\" style=\"border-radius: 36px; color: #2e468cf2;\" href=\"https:\/\/www.prestaperu.com.pe\/wp-content\/uploads\/2023\/07\/Estados-Financieros-y-Flujo-de-caja-mes-JUNIO-2023.pdf\" target=\"_blank\" rel=\"noreferrer noopener\">Descarga aqu\u00ed los Estados Financieros y Flujo de Caja de junio 2023<\/a><\/div>\n<\/div>\n<\/div>\n<\/div>\n<p><!-- \/wp:paragraph --><\/p>\n<p><!-- wp:paragraph {\"textColor\":\"white\"} --><\/p>\n<div class=\"wp-block-buttons\">\n<div class=\"wp-block-buttons\"><strong><a href=\"https:\/\/www.prestaperu.com.pe\/index.php\/comunicados-2023\">regresar al inicio<\/a><\/strong><\/div>\n<\/div>\n<p><!-- \/wp:paragraph --><\/p>\n<p><!-- wp:paragraph {\"textColor\":\"white\"} --><\/p>\n<p>\u00a0<\/p>\n<p class=\"has-text-align-center has-vivid-red-color has-text-color\" style=\"text-align: center;\"><span style=\"color: #993300;\">________________________________________________________________________________________________________________<\/span><\/p>\n<p><!-- \/wp:paragraph --><\/p>\n<p><!-- wp:paragraph {\"textColor\":\"white\"} --><\/p>\n<p class=\"has-white-color has-text-color\">\u00a0<\/p>\n<p>\u00a0<\/p>\n<p><!-- \/wp:paragraph --><\/p>\n<p><!-- wp:paragraph {\"align\":\"center\",\"style\":{\"typography\":{\"fontSize\":\"28px\"},\"color\":{\"text\":\"#2e468cf2\"}}} --><\/p>\n<p class=\"has-text-align-center has-text-color\" style=\"color: #2e468cf2; font-size: 28px;\"><strong>COOPERATIVA DE AHORRO Y CR\u00c9DITO DEL PER\u00da LTDA. EN LIQUIDACI\u00d3N (PRESTAPERU)<\/strong><\/p>\n<p><!-- \/wp:paragraph --><\/p>\n<p><!-- wp:paragraph {\"align\":\"center\",\"style\":{\"typography\":{\"fontSize\":\"28px\"},\"color\":{\"text\":\"#2e468cf2\"}}} --><\/p>\n<p class=\"has-text-align-center has-text-color\" style=\"color: #2e468cf2; font-size: 28px;\"><strong>COMUNICADO N\u00ba 13-2023-PRESTAPERU-LIQ.<\/strong><\/p>\n<p><!-- \/wp:paragraph --><\/p>\n<p><!-- wp:paragraph {\"textColor\":\"white\"} --><\/p>\n<p class=\"has-white-color has-text-color\">\u00a0<\/p>\n<p><!-- \/wp:paragraph --><\/p>\n<p><!-- wp:paragraph {\"align\":\"center\",\"style\":{\"typography\":{\"fontSize\":\"22px\"}}} --><\/p>\n<p class=\"has-text-align-center\" style=\"font-size: 22px;\">Se pone en conocimiento de los socios y del p\u00fablico en general, dentro del proceso de liquidaci\u00f3n de la Cooperativa, se ha dispuesto la venta de bienes muebles:<\/p>\n<p><!-- \/wp:paragraph --><\/p>\n<p><!-- wp:paragraph {\"textColor\":\"white\"} --><\/p>\n<p class=\"has-white-color has-text-color\">\u00a0<\/p>\n<p><!-- \/wp:paragraph --><\/p>\n<p><!-- wp:paragraph {\"align\":\"left\",\"style\":{\"typography\":{\"fontSize\":\"22px\"}}} --><\/p>\n<p class=\"has-text-align-left\" style=\"font-size: 22px;\"><span style=\"color: #993300;\"><em><strong>&#8211; 01 Moto Lineal usada.<\/strong><\/em><\/span><\/p>\n<p><span style=\"color: #993300;\"><em><strong><!-- \/wp:paragraph --><\/strong><\/em><\/span><\/p>\n<p><span style=\"color: #993300;\"><em><strong><!-- wp:paragraph {\"align\":\"left\",\"style\":{\"typography\":{\"fontSize\":\"22px\"}}} --><\/strong><\/em><\/span><\/p>\n<p class=\"has-text-align-left\" style=\"font-size: 22px;\"><span style=\"color: #993300;\"><em><strong>&#8211; 01 Camioneta Toyota Hilux usada<\/strong><\/em><\/span>.<\/p>\n<p><!-- \/wp:paragraph --><\/p>\n<p><!-- wp:paragraph {\"textColor\":\"white\"} --><\/p>\n<p class=\"has-white-color has-text-color\">.<\/p>\n<p><!-- \/wp:paragraph --><\/p>\n<p><!-- wp:paragraph {\"align\":\"center\",\"style\":{\"typography\":{\"fontSize\":\"22px\"}}} --><\/p>\n<p class=\"has-text-align-center\" style=\"font-size: 22px;\">Para cuyo efecto, se adjunta al presente comunicado la informaci\u00f3n respectiva de ambos bienes.<\/p>\n<p><!-- \/wp:paragraph --><\/p>\n<p><!-- wp:paragraph {\"align\":\"center\",\"style\":{\"typography\":{\"fontSize\":\"22px\"}}} --><\/p>\n<p>\u00a0<\/p>\n<p class=\"has-text-align-center\" style=\"font-size: 22px;\">Arequipa, junio del 2023.<\/p>\n<p><!-- \/wp:paragraph --><\/p>\n<p><!-- wp:paragraph {\"align\":\"center\",\"style\":{\"typography\":{\"fontSize\":\"18px\"}},\"textColor\":\"white\"} --><\/p>\n<p class=\"has-text-align-center has-white-color has-text-color\" style=\"font-size: 18px;\">\u00a0<\/p>\n<p><!-- \/wp:paragraph --><\/p>\n<p><!-- wp:paragraph {\"align\":\"center\",\"style\":{\"typography\":{\"fontSize\":\"22px\"}}} --><\/p>\n<p class=\"has-text-align-center\" style=\"font-size: 22px;\">Liquidadora Judicial de la Cooperativa de Ahorro y Cr\u00e9dito del Per\u00fa Ltda. en Liquidaci\u00f3n (PRESTAPERU)<\/p>\n<p><!-- \/wp:paragraph --><\/p>\n<p><!-- wp:paragraph {\"textColor\":\"white\"} --><\/p>\n<div class=\"wp-block-buttons\">\n<div class=\"wp-block-buttons\">\n<div class=\"wp-block-buttons is-layout-flex wp-block-buttons-is-layout-flex\">\n<div class=\"wp-block-button is-style-outline\"><a class=\"wp-block-button__link has-white-background-color has-text-color has-background wp-element-button\" style=\"border-radius: 36px; color: #2e468cf2;\" href=\"https:\/\/www.prestaperu.com.pe\/wp-content\/uploads\/2023\/07\/Brochure-muebles-julio-2023.pdf\" target=\"_blank\" rel=\"noreferrer noopener\">Descarga aqu\u00ed el archivo adjunto<\/a><\/div>\n<\/div>\n<\/div>\n<\/div>\n<p><!-- \/wp:paragraph --><\/p>\n<p><!-- wp:paragraph --><\/p>\n<div class=\"wp-block-buttons\">\u00a0<\/div>\n<p><!-- \/wp:image --><\/p>\n<p><!-- wp:paragraph {\"textColor\":\"white\"} --><\/p>\n<p class=\"has-white-color has-text-color\">.<strong><a href=\"https:\/\/www.prestaperu.com.pe\/index.php\/comunicados-2023\">regresar al inicio<\/a><\/strong><\/p>\n<p><!-- \/wp:paragraph --><\/p>\n<p><!-- wp:paragraph {\"textColor\":\"white\"} --><\/p>\n<p><!-- \/wp:paragraph --><\/p>\n<p><!-- wp:paragraph {\"textColor\":\"white\"} --><\/p>\n<p><!-- \/wp:paragraph --><\/p>\n<p><!-- wp:paragraph --><\/p>\n<p><!-- \/wp:paragraph --><\/p>\n<p><!-- wp:paragraph {\"textColor\":\"white\"} --><\/p>\n<p><!-- \/wp:paragraph --><\/p>\n<p><!-- wp:paragraph {\"textColor\":\"white\"} --><\/p>\n<p><!-- \/wp:paragraph --><\/p>\n<p><!-- wp:paragraph {\"align\":\"center\",\"textColor\":\"vivid-red\"} --><\/p>\n<p><!-- \/wp:paragraph --><\/p>\n<p><!-- wp:paragraph {\"textColor\":\"white\"} --><\/p>\n<p><!-- \/wp:paragraph --><\/p>\n<p><!-- wp:paragraph {\"textColor\":\"white\"} --><\/p>\n<p><!-- \/wp:paragraph --><\/p>\n<p><!-- wp:paragraph {\"align\":\"center\",\"style\":{\"color\":{\"text\":\"#2e468cf2\"},\"typography\":{\"fontSize\":\"30px\"}}} --><\/p>\n<p><!-- \/wp:paragraph --><\/p>\n<p><!-- wp:paragraph {\"align\":\"center\",\"style\":{\"typography\":{\"fontSize\":\"40px\"}},\"textColor\":\"white\"} --><\/p>\n<p><!-- \/wp:paragraph --><\/p>\n<p><!-- wp:image {\"align\":\"center\",\"id\":3224,\"width\":\"866px\",\"height\":\"377px\",\"sizeSlug\":\"full\",\"linkDestination\":\"none\"} --><\/p>\n<p><!-- \/wp:image --><\/p>\n<p><!-- wp:paragraph {\"textColor\":\"white\"} --><\/p>\n<p><!-- \/wp:paragraph --><\/p>\n<p><!-- wp:paragraph {\"align\":\"center\"} --><\/p>\n<p><!-- \/wp:paragraph --><\/p>\n<p><!-- wp:paragraph {\"textColor\":\"white\"} --><\/p>\n<p><!-- \/wp:paragraph --><\/p>\n<p><!-- wp:paragraph --><\/p>\n<p><!-- \/wp:paragraph --><\/p>\n<p><!-- wp:paragraph {\"textColor\":\"white\"} --><\/p>\n<p class=\"has-white-color has-text-color\">\u00a0<\/p>\n<p>\u00a0<\/p>\n<p><!-- \/wp:paragraph --><\/p>\n<p><!-- wp:paragraph {\"align\":\"right\",\"textColor\":\"white\",\"fontSize\":\"medium\"} --><\/p>\n<p><!-- \/wp:paragraph --><\/p>\n<p><!-- wp:paragraph {\"textColor\":\"white\"} --><\/p>\n<p><!-- \/wp:paragraph --><\/p>\n<p><!-- wp:paragraph {\"align\":\"center\",\"textColor\":\"vivid-red\"} --><\/p>\n<p class=\"has-text-align-center has-vivid-red-color has-text-color\" style=\"text-align: center;\"><span style=\"color: #993300;\">________________________________________________________________________________________________________________<\/span><\/p>\n<p><!-- \/wp:paragraph --><\/p>\n<p><!-- wp:paragraph {\"textColor\":\"white\"} --><\/p>\n<p>\u00a0<\/p>\n<p class=\"has-text-align-center has-text-color\" style=\"color: #2e468cf2; font-size: 28px;\"><strong>COOPERATIVA DE AHORRO Y CR\u00c9DITO DEL PER\u00da LTDA. EN LIQUIDACI\u00d3N (PRESTAPERU)<\/strong><\/p>\n<p><!-- \/wp:paragraph --><\/p>\n<p><!-- wp:paragraph {\"textColor\":\"white\"} --><\/p>\n<p class=\"has-white-color has-text-color\">\u00a0<\/p>\n<p><!-- \/wp:paragraph --><\/p>\n<p><!-- wp:paragraph {\"align\":\"center\",\"style\":{\"typography\":{\"fontSize\":\"35px\"},\"color\":{\"text\":\"#2e468cf2\"}}} --><\/p>\n<p id=\"FE-DE-ERRATAS\" class=\"has-text-align-center has-text-color\" style=\"color: #2e468cf2; font-size: 35px;\"><strong>FE DE ERRATAS<\/strong><\/p>\n<p><!-- \/wp:paragraph --><\/p>\n<p><!-- wp:paragraph {\"textColor\":\"white\"} --><\/p>\n<div class=\"wp-block-buttons\">\n<div class=\"wp-block-buttons\">\n<div class=\"wp-block-buttons is-layout-flex wp-block-buttons-is-layout-flex\">\n<div class=\"wp-block-button is-style-outline\"><a class=\"wp-block-button__link has-white-background-color has-text-color has-background wp-element-button\" style=\"border-radius: 36px; color: #2e468cf2;\" href=\"https:\/\/www.prestaperu.com.pe\/wp-content\/uploads\/2023\/07\/FE-DE-ERRATAS-MAYO-2023.pdf\" target=\"_blank\" rel=\"noreferrer noopener\">Descarga aqu\u00ed el archivo adjunto de la Fe de Erratas<\/a><\/div>\n<\/div>\n<\/div>\n<\/div>\n<p><!-- \/wp:paragraph --><\/p>\n<p><!-- wp:paragraph --><\/p>\n<h5>\u00a0<\/h5>\n<h5 class=\"has-text-align-center\" style=\"font-size: 22px;\">Arequipa, mayo del 2023<\/h5>\n<p><!-- \/wp:paragraph --><\/p>\n<p><!-- wp:paragraph {\"textColor\":\"white\"} --><\/p>\n<p class=\"has-white-color has-text-color\"><strong><a href=\"https:\/\/www.prestaperu.com.pe\/index.php\/comunicados-2023\">regresar al inicio<\/a><\/strong><\/p>\n<p><!-- \/wp:paragraph --><\/p>\n<p><!-- wp:paragraph {\"textColor\":\"white\"} --><\/p>\n<p><!-- \/wp:paragraph --><\/p>\n<p><!-- wp:paragraph {\"textColor\":\"white\"} --><\/p>\n<p><!-- \/wp:paragraph --><\/p>\n<p><!-- wp:paragraph --><\/p>\n<p><!-- \/wp:paragraph --><\/p>\n<p><!-- wp:paragraph {\"textColor\":\"white\"} --><\/p>\n<p class=\"has-white-color has-text-color\">\u00a0<\/p>\n<p>\u00a0<\/p>\n<p><!-- \/wp:paragraph --><\/p>\n<p><!-- wp:paragraph {\"textColor\":\"white\"} --><\/p>\n<p><!-- \/wp:paragraph --><\/p>\n<p><!-- wp:paragraph {\"align\":\"center\",\"textColor\":\"vivid-red\"} --><\/p>\n<p class=\"has-text-align-center has-vivid-red-color has-text-color\" style=\"text-align: center;\"><span style=\"color: #993300;\">________________________________________________________________________________________________________________<\/span><\/p>\n<p><!-- \/wp:paragraph --><\/p>\n<p><!-- wp:paragraph {\"textColor\":\"white\"} --><\/p>\n<p class=\"has-text-align-center has-white-color has-text-color\">\u00a0<\/p>\n<p>\u00a0<\/p>\n<p><!-- \/wp:paragraph --><\/p>\n<p><!-- wp:paragraph {\"align\":\"center\",\"style\":{\"color\":{\"text\":\"#2e468cf2\"},\"typography\":{\"fontSize\":\"28px\"}}} --><\/p>\n<p class=\"has-text-align-center has-text-color\" style=\"color: #2e468cf2; font-size: 28px;\"><strong>COOPERATIVA DE AHORRO Y CR\u00c9DITO DEL PER\u00da LTDA. EN LIQUIDACI\u00d3N (PRESTAPERU)<\/strong><\/p>\n<p><!-- \/wp:paragraph --><\/p>\n<p><!-- wp:paragraph {\"align\":\"center\",\"style\":{\"color\":{\"text\":\"#2e468cf2\"},\"typography\":{\"fontSize\":\"28px\"}}} --><\/p>\n<p class=\"has-text-align-center has-text-color\" style=\"color: #2e468cf2; font-size: 28px;\"><strong>COMUNICADO N\u00ba 12-2023-PRESTAPERU-LIQ.<\/strong><\/p>\n<p><!-- \/wp:paragraph --><\/p>\n<p><!-- wp:paragraph {\"align\":\"center\",\"textColor\":\"white\"} --><\/p>\n<p class=\"has-text-align-center has-white-color has-text-color\">\u00a0<\/p>\n<p><!-- \/wp:paragraph --><\/p>\n<p><!-- wp:paragraph {\"align\":\"center\",\"style\":{\"typography\":{\"fontSize\":\"22px\"}}} --><\/p>\n<p class=\"has-text-align-center\" style=\"font-size: 22px;\">Se pone en conocimiento de los socios de PRESTAPERU en Liquidaci\u00f3n y del p\u00fablico en general, que por causas ajenas a la Liquidadora y al Comit\u00e9, la segunda publicaci\u00f3n en el diario \u201cEl Pueblo\u201d de la Convocatoria a Subasta P\u00fablica de Inmuebles de Propiedad de PRESTAPERU, no apareci\u00f3 publicada en el referido diario el d\u00eda 14 de mayo del 2023; por lo que en m\u00e9rito de lo dispuesto en el numeral 4.1. de las Bases de la Subasta P\u00fablica N\u00b0 01-2023-PRESTAPERU-LIQ, la segunda publicaci\u00f3n en el diario \u201cEl Pueblo\u201d de la Convocatoria a Subasta P\u00fablica de Inmuebles de Propiedad de PRESTAPERU, se realizar\u00e1 el d\u00eda 16 de mayo del 2023; teni\u00e9ndose presente, que se cumple con los plazos dispuestos en el numeral 4.3 de la Directiva sobre Realizaci\u00f3n de Inmuebles de PRESTAPERU en Liquidaci\u00f3n aprobada por el Poder Judicial.<\/p>\n<p><!-- \/wp:paragraph --><\/p>\n<p><!-- wp:paragraph {\"align\":\"center\",\"style\":{\"typography\":{\"fontSize\":\"22px\"}},\"textColor\":\"white\"} --><\/p>\n<p class=\"has-text-align-center has-white-color has-text-color\" style=\"font-size: 22px;\">\u00a0<\/p>\n<p><!-- \/wp:paragraph --><\/p>\n<p><!-- wp:paragraph {\"align\":\"center\",\"style\":{\"typography\":{\"fontSize\":\"22px\"}}} --><\/p>\n<p class=\"has-text-align-center\" style=\"font-size: 22px;\">Arequipa, mayo del 2023<\/p>\n<p><!-- \/wp:paragraph --><\/p>\n<p><!-- wp:paragraph {\"align\":\"center\",\"style\":{\"typography\":{\"fontSize\":\"22px\"}}} --><\/p>\n<p class=\"has-text-align-center\" style=\"font-size: 22px;\">Liquidadora Judicial de la Cooperativa de Ahorro y Cr\u00e9dito del Per\u00fa Ltda. en Liquidaci\u00f3n (PRESTAPERU)<\/p>\n<p><!-- \/wp:paragraph --><\/p>\n<p><!-- wp:paragraph {\"align\":\"center\",\"textColor\":\"white\"} --><\/p>\n<p><!-- \/wp:paragraph --><\/p>\n<p><!-- wp:paragraph {\"textColor\":\"white\"} --><\/p>\n<p class=\"has-white-color has-text-color\"><strong><a href=\"https:\/\/www.prestaperu.com.pe\/index.php\/comunicados-2023\">regresar al inicio<\/a><\/strong><\/p>\n<p><!-- \/wp:paragraph --><\/p>\n<p><!-- wp:paragraph {\"textColor\":\"white\"} --><\/p>\n<p><!-- \/wp:paragraph --><\/p>\n<p><!-- wp:paragraph --><\/p>\n<p><!-- \/wp:paragraph --><\/p>\n<p><!-- wp:paragraph {\"textColor\":\"white\"} --><\/p>\n<p class=\"has-white-color has-text-color\">\u00a0<\/p>\n<p>\u00a0<\/p>\n<p><!-- \/wp:paragraph --><\/p>\n<p><!-- wp:paragraph {\"textColor\":\"white\"} --><\/p>\n<p><!-- \/wp:paragraph --><\/p>\n<p><!-- wp:paragraph {\"align\":\"center\",\"textColor\":\"vivid-red\",\"fontSize\":\"medium\"} --><\/p>\n<p class=\"has-text-align-center has-vivid-red-color has-text-color has-medium-font-size\" style=\"text-align: center;\"><span style=\"color: #993300;\">________________________________________________________________________________<\/span><\/p>\n<p><!-- \/wp:paragraph --><\/p>\n<p><!-- wp:paragraph {\"align\":\"center\",\"textColor\":\"white\",\"fontSize\":\"medium\"} --><\/p>\n<p>\u00a0<\/p>\n<p>\u00a0<\/p>\n<p><!-- \/wp:paragraph --><\/p>\n<p><!-- wp:paragraph {\"align\":\"center\",\"style\":{\"color\":{\"text\":\"#2e468cf2\"},\"typography\":{\"fontSize\":\"28px\"}}} --><\/p>\n<p class=\"has-text-align-center has-text-color\" style=\"color: #2e468cf2; font-size: 28px;\"><strong>COOPERATIVA DE AHORRO Y CR\u00c9DITO DEL PER\u00da LTDA. EN LIQUIDACI\u00d3N (PRESTAPERU)<\/strong><\/p>\n<p><!-- \/wp:paragraph --><\/p>\n<p><!-- wp:paragraph {\"align\":\"center\",\"style\":{\"color\":{\"text\":\"#2e468cf2\"},\"typography\":{\"fontSize\":\"28px\"}}} --><\/p>\n<p class=\"has-text-align-center has-text-color\" style=\"color: #2e468cf2; font-size: 28px;\"><strong>COMUNICADO N\u00ba 11-2023-PRESTAPERU-LIQ.<\/strong><\/p>\n<h2 style=\"text-align: center;\"><span style=\"color: #993300;\"><strong>FINALIZADA, <em>JUEVES 15 JUNIO 2023 <\/em>!!<\/strong><\/span><\/h2>\n<p><!-- \/wp:paragraph --><\/p>\n<p><!-- wp:paragraph {\"textColor\":\"white\"} --><\/p>\n<p class=\"has-white-color has-text-color\">\u00a0<\/p>\n<p><!-- \/wp:paragraph --><\/p>\n<p><!-- wp:paragraph {\"style\":{\"typography\":{\"fontSize\":\"22px\"}}} --><\/p>\n<p style=\"font-size: 22px;\">Se pone en conocimiento de los socios de PRESTAPERU en Liquidaci\u00f3n y del p\u00fablico en general, que, dentro del proceso de liquidaci\u00f3n de la Cooperativa, se ha dispuesto la venta de bienes inmuebles a trav\u00e9s de la Subasta P\u00fablica N\u00b0 01-2023-PRESTAPERU-LIQ, cuyas bases ser\u00e1n publicadas en la p\u00e1gina web de la Cooperativa.<\/p>\n<p><!-- \/wp:paragraph --><\/p>\n<p><!-- wp:paragraph {\"align\":\"center\",\"style\":{\"typography\":{\"fontSize\":\"22px\"}}} --><\/p>\n<p>\u00a0<\/p>\n<p class=\"has-text-align-center\" style=\"font-size: 22px;\">Arequipa, mayo del 2023<\/p>\n<p><!-- \/wp:paragraph --><\/p>\n<p><!-- wp:paragraph {\"style\":{\"typography\":{\"fontSize\":\"22px\"}},\"textColor\":\"white\"} --><\/p>\n<p><!-- \/wp:paragraph --><\/p>\n<p><!-- wp:paragraph {\"align\":\"center\",\"style\":{\"typography\":{\"fontSize\":\"22px\"}}} --><\/p>\n<p class=\"has-text-align-center\" style=\"font-size: 22px;\">Liquidadora Judicial de la Cooperativa de Ahorro y Cr\u00e9dito del Per\u00fa Ltda. en Liquidaci\u00f3n (PRESTAPERU)<\/p>\n<p><!-- \/wp:paragraph --><\/p>\n<p><!-- wp:paragraph {\"textColor\":\"white\"} --><\/p>\n<p><!-- \/wp:paragraph --><\/p>\n<p><!-- wp:paragraph {\"style\":{\"color\":{\"text\":\"#2e468cf2\"},\"typography\":{\"fontSize\":\"21px\"}}} --><\/p>\n<p class=\"has-text-color\" style=\"color: rgba(46, 70, 140, 0.95); font-size: 21px; text-align: center;\">\u00a0<\/p>\n<p><!-- \/wp:paragraph --><\/p>\n<p><!-- wp:paragraph {\"textColor\":\"white\"} --><\/p>\n<p><!-- \/wp:paragraph --><\/p>\n<p><!-- wp:paragraph {\"textColor\":\"white\"} --><\/p>\n<p><!-- \/wp:paragraph --><\/p>\n<p><!-- wp:image {\"id\":2968,\"width\":\"162px\",\"height\":\"103px\",\"sizeSlug\":\"full\",\"linkDestination\":\"none\"} --><\/p>\n<p><!-- \/wp:image --><\/p>\n<p><!-- wp:paragraph {\"textColor\":\"white\"} --><\/p>\n<p><!-- \/wp:paragraph --><\/p>\n<p><!-- wp:buttons --><\/p>\n<div class=\"wp-block-buttons\"><!-- wp:button {\"backgroundColor\":\"white\",\"style\":{\"border\":{\"radius\":\"36px\"},\"color\":{\"text\":\"#2e468cf2\"}},\"className\":\"is-style-outline\"} --><\/div>\n<div class=\"wp-block-button is-style-outline\"><a class=\"wp-block-button__link has-white-background-color has-text-color has-background wp-element-button\" style=\"border-radius: 36px; color: #2e468cf2;\" href=\"https:\/\/www.prestaperu.com.pe\/wp-content\/uploads\/2023\/07\/Informacion-Subasta-Publica-N\u00b001-2023.pdf\" target=\"_blank\" rel=\"noreferrer noopener\">Descarga aqu\u00ed toda la informaci\u00f3n, fotos, avisos de Subasta P\u00fablica N\u00b0 01-2023\u00a0<\/a><\/div>\n<p><!-- \/wp:button --><\/p>\n<p><!-- \/wp:buttons --><\/p>\n<p><!-- wp:paragraph {\"textColor\":\"white\"} --><\/p>\n<div>\u00a0<\/div>\n<div>\u00a0<\/div>\n<div class=\"wp-block-button is-style-outline\"><a class=\"wp-block-button__link has-white-background-color has-text-color has-background wp-element-button\" style=\"border-radius: 36px; color: #2e468cf2;\" href=\"https:\/\/www.prestaperu.com.pe\/wp-content\/uploads\/2023\/07\/FOTOS-Avisos-Publicitarios-de-la-Subasta-Publica-Nro.-01-2023.pdf\" target=\"_blank\" rel=\"noreferrer noopener\">Descarga aqu\u00ed los Avisos en Peri\u00f3dicos<\/a><\/div>\n<p><!-- \/wp:button --><\/p>\n<p><!-- \/wp:buttons --><\/p>\n<p><!-- wp:paragraph {\"textColor\":\"white\"} --><\/p>\n<p class=\"has-white-color has-text-color\">\u00a0<\/p>\n<p><!-- \/wp:paragraph --><\/p>\n<p><!-- wp:image {\"id\":2968,\"width\":\"162px\",\"height\":\"103px\",\"sizeSlug\":\"full\",\"linkDestination\":\"none\"} --><\/p>\n<p><!-- \/wp:image --><\/p>\n<p><!-- wp:paragraph {\"textColor\":\"white\"} --><\/p>\n<p><!-- \/wp:paragraph --><\/p>\n<p><!-- wp:buttons --><\/p>\n<div class=\"wp-block-buttons\"><!-- wp:button {\"backgroundColor\":\"white\",\"style\":{\"border\":{\"radius\":\"36px\"},\"color\":{\"text\":\"#2e468cf2\"}},\"className\":\"is-style-outline\"} --><\/div>\n<div class=\"wp-block-button is-style-outline\"><a class=\"wp-block-button__link has-white-background-color has-text-color has-background wp-element-button\" style=\"border-radius: 36px; color: #2e468cf2;\" href=\"https:\/\/www.prestaperu.com.pe\/wp-content\/uploads\/2025\/03\/Bases-Subasta-Publica-01-2023.pdf\" target=\"_blank\" rel=\"noreferrer noopener\">Descarga BASES DE SUBASTA P\u00daBLICA N\u00b0 01-2023 aqu\u00ed<\/a><\/div>\n<p><!-- \/wp:button --><\/p>\n<p><!-- \/wp:buttons --><\/p>\n<p><!-- wp:paragraph {\"textColor\":\"white\"} --><\/p>\n<p class=\"has-white-color has-text-color\"><strong><a href=\"https:\/\/www.prestaperu.com.pe\/index.php\/comunicados-2023\">regresar al inicio<\/a><\/strong><\/p>\n<p><!-- \/wp:paragraph --><\/p>\n<p><!-- wp:image {\"id\":2450,\"sizeSlug\":\"full\",\"linkDestination\":\"none\"} --><\/p>\n<p><!-- \/wp:paragraph --><\/p>\n<p><!-- wp:paragraph {\"textColor\":\"white\"} --><\/p>\n<p><!-- \/wp:paragraph --><\/p>\n<p><!-- wp:paragraph --><\/p>\n<p><!-- \/wp:paragraph --><\/p>\n<p><!-- wp:paragraph {\"textColor\":\"white\"} --><\/p>\n<p class=\"has-white-color has-text-color\">\u00a0<\/p>\n<p><!-- \/wp:paragraph --><\/p>\n<p><!-- wp:paragraph {\"textColor\":\"white\"} --><\/p>\n<p><!-- \/wp:paragraph --><\/p>\n<p><!-- wp:paragraph {\"align\":\"center\",\"textColor\":\"vivid-red\",\"fontSize\":\"medium\"} --><\/p>\n<p class=\"has-text-align-center has-vivid-red-color has-text-color has-medium-font-size\" style=\"text-align: center;\"><span style=\"color: #993300;\">_____________________________________________________________________________________________________<\/span><\/p>\n<p><!-- \/wp:paragraph --><\/p>\n<p><!-- wp:paragraph {\"align\":\"center\",\"textColor\":\"white\",\"fontSize\":\"medium\"} --><\/p>\n<p class=\"has-text-align-center has-white-color has-text-color has-medium-font-size\">\u00a0<\/p>\n<p>\u00a0<\/p>\n<p><!-- \/wp:paragraph --><\/p>\n<p><!-- wp:paragraph {\"align\":\"center\",\"style\":{\"typography\":{\"fontSize\":\"28px\"},\"color\":{\"text\":\"#2e468cf2\"}}} --><\/p>\n<p class=\"has-text-align-center has-text-color\" style=\"color: #2e468cf2; font-size: 28px;\"><strong>COOPERATIVA DE AHORRO Y CR\u00c9DITO DEL PER\u00da LTDA. EN LIQUIDACI\u00d3N (PRESTAPERU)<\/strong><\/p>\n<p><!-- \/wp:paragraph --><\/p>\n<p><!-- wp:paragraph {\"align\":\"center\",\"style\":{\"typography\":{\"fontSize\":\"28px\"},\"color\":{\"text\":\"#2e468cf2\"}}} --><\/p>\n<p class=\"has-text-align-center has-text-color\" style=\"color: #2e468cf2; font-size: 28px;\"><strong>COMUNICADO N\u00ba 10-2023-PRESTAPERU-LIQ.<\/strong><\/p>\n<p><!-- \/wp:paragraph --><\/p>\n<p><!-- wp:paragraph {\"align\":\"center\",\"textColor\":\"white\",\"fontSize\":\"medium\"} --><\/p>\n<p>\u00a0<\/p>\n<p class=\"has-text-align-center\" style=\"font-size: 22px;\">Se pone en conocimiento de los socios y del p\u00fablico en general, que dentro del proceso de liquidaci\u00f3n de la Cooperativa, se ha dispuesto la venta de bienes muebles: 54 Motos Lineales usadas.<\/p>\n<p><!-- \/wp:paragraph --><\/p>\n<p><!-- wp:paragraph {\"align\":\"center\",\"style\":{\"typography\":{\"fontSize\":\"22px\"}}} --><\/p>\n<p class=\"has-text-align-center\" style=\"font-size: 22px;\">Para cuyo efecto, se adjunta al presente comunicado la informaci\u00f3n respectiva.<\/p>\n<p><!-- \/wp:paragraph --><\/p>\n<p><!-- wp:paragraph {\"align\":\"center\",\"style\":{\"typography\":{\"fontSize\":\"22px\"}}} --><\/p>\n<p>\u00a0<\/p>\n<p class=\"has-text-align-center\" style=\"font-size: 22px;\">Arequipa, abril del 2023.<\/p>\n<p><!-- \/wp:paragraph --><\/p>\n<p><!-- wp:paragraph {\"align\":\"center\",\"style\":{\"typography\":{\"fontSize\":\"22px\"}}} --><\/p>\n<p class=\"has-text-align-center\" style=\"font-size: 22px;\">Liquidadora Judicial de la Cooperativa de Ahorro y Cr\u00e9dito del Per\u00fa Ltda. en Liquidaci\u00f3n (PRESTAPERU)<\/p>\n<p><!-- \/wp:paragraph --><\/p>\n<p><!-- wp:paragraph {\"align\":\"center\",\"textColor\":\"white\",\"fontSize\":\"medium\"} --><\/p>\n<p class=\"has-text-align-center has-white-color has-text-color has-medium-font-size\">\u00a0<\/p>\n<p><!-- \/wp:paragraph --><\/p>\n<p><!-- wp:image {\"align\":\"center\",\"id\":2458,\"sizeSlug\":\"full\",\"linkDestination\":\"none\"} --><\/p>\n<h1 style=\"text-align: center;\"><em><span style=\"color: #800000;\"><strong>PROCESO CERRADO !!!<\/strong><\/span><\/em><\/h1>\n<p>\u00a0<\/p>\n<p><!-- \/wp:image --><\/p>\n<p><!-- wp:paragraph {\"textColor\":\"white\"} --><\/p>\n<p><!-- \/wp:paragraph --><\/p>\n<p><!-- wp:paragraph {\"textColor\":\"white\"} --><\/p>\n<div class=\"wp-block-buttons\">\n<div class=\"wp-block-buttons\">\n<div class=\"wp-block-buttons is-layout-flex wp-block-buttons-is-layout-flex\">\n<div class=\"wp-block-button is-style-outline\"><a class=\"wp-block-button__link has-white-background-color has-text-color has-background wp-element-button\" style=\"border-radius: 36px; color: #2e468cf2;\" href=\"https:\/\/www.prestaperu.com.pe\/wp-content\/uploads\/2023\/04\/Brochure-abril-2023.pdf\" target=\"_blank\" rel=\"noreferrer noopener\">Descarga aqu\u00ed el archivo adjunto<\/a><\/div>\n<\/div>\n<\/div>\n<\/div>\n<p><!-- \/wp:paragraph --><\/p>\n<p><!-- wp:paragraph --><\/p>\n<p><!-- \/wp:paragraph --><\/p>\n<p><!-- wp:paragraph {\"textColor\":\"white\"} --><\/p>\n<p><!-- \/wp:paragraph --><\/p>\n<p><!-- wp:paragraph --><\/p>\n<p><strong><a href=\"https:\/\/www.prestaperu.com.pe\/index.php\/comunicados-2023\">regresar al inicio<\/a><\/strong><\/p>\n<p><!-- \/wp:paragraph --><\/p>\n<p><!-- wp:paragraph {\"textColor\":\"white\"} --><\/p>\n<p class=\"has-white-color has-text-color\">\u00a0<\/p>\n<p><!-- \/wp:paragraph --><\/p>\n<p><!-- wp:paragraph {\"align\":\"center\",\"textColor\":\"white\",\"fontSize\":\"medium\"} --><\/p>\n<p><!-- \/wp:paragraph --><\/p>\n<p><!-- wp:paragraph {\"align\":\"center\",\"textColor\":\"vivid-red\",\"fontSize\":\"medium\"} --><\/p>\n<p class=\"has-text-align-center has-vivid-red-color has-text-color has-medium-font-size\" style=\"text-align: center;\"><span style=\"color: #993300;\">________________________________________________________________________________<\/span><\/p>\n<p><!-- \/wp:paragraph --><\/p>\n<p><!-- wp:paragraph {\"align\":\"center\",\"textColor\":\"white\",\"fontSize\":\"medium\"} --><\/p>\n<p><!-- \/wp:paragraph --><\/p>\n<p><!-- wp:paragraph {\"align\":\"center\",\"textColor\":\"white\",\"fontSize\":\"medium\"} --><\/p>\n<p>\u00a0<\/p>\n<p>\u00a0<\/p>\n<p><!-- \/wp:paragraph --><\/p>\n<p><!-- wp:paragraph {\"align\":\"center\",\"style\":{\"typography\":{\"fontSize\":\"28px\"},\"color\":{\"text\":\"#2e468cf2\"}}} --><\/p>\n<p class=\"has-text-align-center has-text-color\" style=\"color: #2e468cf2; font-size: 28px;\"><strong>COOPERATIVA DE AHORRO Y CR\u00c9DITO DEL PER\u00da LTDA. EN LIQUIDACI\u00d3N (PRESTAPERU)<\/strong><\/p>\n<p><!-- \/wp:paragraph --><\/p>\n<p><!-- wp:paragraph {\"align\":\"center\",\"style\":{\"typography\":{\"fontSize\":\"28px\"},\"color\":{\"text\":\"#2e468cf2\"}}} --><\/p>\n<p class=\"has-text-align-center has-text-color\" style=\"color: #2e468cf2; font-size: 28px;\"><strong>COMUNICADO N\u00ba 09-2023-PRESTAPERU-LIQ.<\/strong><\/p>\n<p><!-- \/wp:paragraph --><\/p>\n<p><!-- wp:paragraph {\"align\":\"center\",\"textColor\":\"white\",\"fontSize\":\"medium\"} --><\/p>\n<p class=\"has-text-align-center has-white-color has-text-color has-medium-font-size\">\u00a0<\/p>\n<p><!-- \/wp:paragraph --><\/p>\n<p><!-- wp:paragraph {\"align\":\"center\",\"style\":{\"typography\":{\"fontSize\":\"22px\"}}} --><\/p>\n<p class=\"has-text-align-center\" style=\"font-size: 22px;\">Se pone en conocimiento de los socios y del p\u00fablico en general, los Estados Financieros y el Flujo de Caja al 31.03.2023, de la Cooperativa de Ahorro y Cr\u00e9dito del Per\u00fa Ltda. en Liquidaci\u00f3n.<\/p>\n<p><!-- \/wp:paragraph --><\/p>\n<p><!-- wp:paragraph {\"align\":\"center\",\"style\":{\"typography\":{\"fontSize\":\"22px\"}}} --><\/p>\n<p>\u00a0<\/p>\n<p class=\"has-text-align-center\" style=\"font-size: 22px;\">Arequipa, abril del 2023.<\/p>\n<p><!-- \/wp:paragraph --><\/p>\n<p><!-- wp:paragraph {\"align\":\"center\",\"style\":{\"typography\":{\"fontSize\":\"22px\"}},\"textColor\":\"white\"} --><\/p>\n<p><!-- \/wp:paragraph --><\/p>\n<p><!-- wp:paragraph {\"align\":\"center\",\"style\":{\"typography\":{\"fontSize\":\"22px\"}}} --><\/p>\n<p class=\"has-text-align-center\" style=\"font-size: 22px;\">Liquidadora Judicial de la Cooperativa de Ahorro y Cr\u00e9dito del Per\u00fa Ltda. en<br \/>Liquidaci\u00f3n (PRESTAPERU).<\/p>\n<p>\u00a0<\/p>\n<p><!-- \/wp:paragraph --><\/p>\n<p><!-- wp:paragraph {\"align\":\"center\",\"textColor\":\"white\",\"fontSize\":\"medium\"} --><\/p>\n<p><!-- \/wp:paragraph --><\/p>\n<p><!-- wp:paragraph {\"textColor\":\"white\"} --><\/p>\n<div class=\"wp-block-buttons\">\n<div class=\"wp-block-buttons\">\n<div class=\"wp-block-buttons is-layout-flex wp-block-buttons-is-layout-flex\">\n<div class=\"wp-block-button is-style-outline\"><a class=\"wp-block-button__link has-white-background-color has-text-color has-background wp-element-button\" style=\"border-radius: 36px; color: #2e468cf2;\" href=\"https:\/\/mega.nz\/file\/9xJhiDQQ#Hs4lzkOi_tvsWEMTO0b4wBreyyULY6LHdeYb_6hAMfE\" target=\"_blank\" rel=\"noreferrer noopener\">Descarga aqu\u00ed el archivo adjunto<\/a><\/div>\n<\/div>\n<\/div>\n<\/div>\n<p><!-- \/wp:paragraph --><\/p>\n<p><!-- wp:paragraph --><\/p>\n<p class=\"has-white-color has-text-color\"><strong><a href=\"https:\/\/www.prestaperu.com.pe\/index.php\/comunicados-2023\">regresar al inicio<\/a><\/strong><\/p>\n<p><!-- \/wp:paragraph --><\/p>\n<p><!-- wp:paragraph {\"textColor\":\"white\"} --><\/p>\n<p><!-- \/wp:paragraph --><\/p>\n<p><!-- wp:paragraph {\"textColor\":\"white\"} --><\/p>\n<p><!-- \/wp:paragraph --><\/p>\n<p><!-- wp:paragraph --><\/p>\n<p><!-- \/wp:paragraph --><\/p>\n<p><!-- wp:paragraph {\"textColor\":\"white\"} --><\/p>\n<p>\u00a0<\/p>\n<p><!-- \/wp:paragraph --><\/p>\n<p><!-- wp:paragraph {\"textColor\":\"white\"} --><\/p>\n<p><!-- \/wp:paragraph --><\/p>\n<p><!-- wp:paragraph {\"align\":\"center\",\"textColor\":\"vivid-red\",\"fontSize\":\"medium\"} --><\/p>\n<p class=\"has-text-align-center has-vivid-red-color has-text-color has-medium-font-size\" style=\"text-align: center;\"><span style=\"color: #993300;\">______________________________________________________________________________<\/span><\/p>\n<p><!-- \/wp:paragraph --><\/p>\n<p><!-- wp:paragraph {\"textColor\":\"white\"} --><\/p>\n<p class=\"has-text-align-center has-white-color has-text-color has-medium-font-size\">\u00a0<\/p>\n<p>\u00a0<\/p>\n<p><!-- \/wp:paragraph --><\/p>\n<p><!-- wp:paragraph {\"align\":\"center\",\"style\":{\"typography\":{\"fontSize\":\"28px\"},\"color\":{\"text\":\"#2e468cf2\"}}} --><\/p>\n<p class=\"has-text-align-center has-text-color\" style=\"color: #2e468cf2; font-size: 28px;\"><strong>COOPERATIVA DE AHORRO Y CR\u00c9DITO DEL PER\u00da LTDA. EN LIQUIDACI\u00d3N (PRESTAPERU)<\/strong><\/p>\n<p><!-- \/wp:paragraph --><\/p>\n<p><!-- wp:paragraph {\"align\":\"center\",\"style\":{\"typography\":{\"fontSize\":\"28px\"},\"color\":{\"text\":\"#2e468cf2\"}}} --><\/p>\n<p class=\"has-text-align-center has-text-color\" style=\"color: #2e468cf2; font-size: 28px;\"><strong>COMUNICADO N\u00ba 08-2023-PRESTAPERU-LIQ.<\/strong><\/p>\n<p><!-- \/wp:paragraph --><\/p>\n<p><!-- wp:paragraph {\"align\":\"center\",\"textColor\":\"white\",\"fontSize\":\"medium\"} --><\/p>\n<p class=\"has-text-align-center has-white-color has-text-color has-medium-font-size\">\u00a0<\/p>\n<p><!-- \/wp:paragraph --><\/p>\n<p><!-- wp:paragraph {\"align\":\"center\",\"style\":{\"typography\":{\"fontSize\":\"22px\"}}} --><\/p>\n<p class=\"has-text-align-center\" style=\"font-size: 22px;\">Se pone en conocimiento de los socios y del p\u00fablico en general, que dentro del<br \/>proceso de pago de acreedores de la Prelaci\u00f3n B (Cumplimiento de la Garant\u00eda<br \/>del Ahorro) se ha dispuesto un primer pago de hasta S\/ 500.00 a favor de los<br \/>acreedores que no tienen deuda con la Cooperativa, monto que ser\u00e1 pagado por<br \/>tramos; el primer tramo ser\u00e1 a favor de los que tengan acreencia hasta S\/ 20.00,<br \/>(Se adjunta la relaci\u00f3n de los 3,261 acreedores con el monto de su acreencia a<br \/>pagar); con dicho pago se est\u00e1 cancelando el total de su acreencia que<br \/>corresponde a la Prelaci\u00f3n B (Cumplimiento de la Garant\u00eda del Ahorro).<\/p>\n<p><!-- \/wp:paragraph --><\/p>\n<p><!-- wp:paragraph {\"align\":\"center\",\"style\":{\"typography\":{\"fontSize\":\"22px\"},\"color\":{\"text\":\"#2e468cf2\"}}} --><\/p>\n<p class=\"has-text-align-center has-text-color\" style=\"color: #2e468cf2; font-size: 22px;\"><strong>El pago se efectuar\u00e1 en la sede de la Cooperativa ubicada en la Av. Goyeneche<br \/>305, distrito, provincia y departamento de Arequipa, a partir del d\u00eda 13 de marzo<br \/>del 2023, de lunes a viernes de 9:30 a.m. a 2:00 p.m.,<\/strong>\u00a0<strong>portando su documento de<br \/>identidad.<\/strong><\/p>\n<p><!-- \/wp:paragraph --><\/p>\n<p><!-- wp:paragraph {\"align\":\"center\",\"style\":{\"typography\":{\"fontSize\":\"22px\"}}} --><\/p>\n<p class=\"has-text-align-center\" style=\"font-size: 22px;\">Este pago se efectuar\u00e1 en la sede de la Cooperativa ya que de pagarse a trav\u00e9s<br \/>una instituci\u00f3n financiera, ocasionar\u00eda gastos superiores al cobro de sus<br \/>acreencias.<br \/>La Cooperativa PRESTAPERU en Liquidaci\u00f3n pr\u00f3ximamente pondr\u00e1 en<br \/>conocimiento de los socios y p\u00fablico en general la modalidad de pago de los<br \/>pr\u00f3ximos tramos (n\u00famero de beneficiarios; monto de acreencias a pagar y lugar<br \/>de pago).<br \/>Estos pagos se realizan de conformidad a lo establecido en el numeral 10.3 del<br \/>art\u00edculo 10 de la Resoluci\u00f3n SBS N\u00ba 5076-2018 \u201cReglamento de Reg\u00edmenes<br \/>Especiales y de la Liquidaci\u00f3n de las Cooperativas de Ahorro y Cr\u00e9dito No<br \/>Autorizadas a Captar Recursos del P\u00fablico\u201d.<\/p>\n<p><!-- \/wp:paragraph --><\/p>\n<p><!-- wp:paragraph {\"align\":\"center\",\"style\":{\"typography\":{\"fontSize\":\"22px\"}}} --><\/p>\n<p>\u00a0<\/p>\n<p class=\"has-text-align-center\" style=\"font-size: 22px;\">Arequipa, marzo del 2023<\/p>\n<p><!-- \/wp:paragraph --><\/p>\n<p><!-- wp:paragraph {\"style\":{\"typography\":{\"fontSize\":\"22px\"}},\"textColor\":\"white\"} --><\/p>\n<p><!-- \/wp:paragraph --><\/p>\n<p><!-- wp:paragraph {\"align\":\"center\",\"style\":{\"typography\":{\"fontSize\":\"22px\"}},\"textColor\":\"black\"} --><\/p>\n<p class=\"has-text-align-center has-black-color has-text-color\" style=\"font-size: 22px;\">Liquidadora Judicial de la Cooperativa de Ahorro y Cr\u00e9dito del Per\u00fa Ltda. en<br \/>Liquidaci\u00f3n (PRESTAPERU)<\/p>\n<p>\u00a0<\/p>\n<p><!-- \/wp:paragraph --><\/p>\n<p><!-- wp:paragraph {\"align\":\"center\",\"textColor\":\"white\",\"fontSize\":\"medium\"} --><\/p>\n<p><!-- \/wp:paragraph --><\/p>\n<p><!-- wp:paragraph {\"textColor\":\"white\"} --><\/p>\n<div class=\"wp-block-buttons\">\n<div class=\"wp-block-buttons\">\n<div class=\"wp-block-buttons is-layout-flex wp-block-buttons-is-layout-flex\">\n<div class=\"wp-block-button is-style-outline\"><a class=\"wp-block-button__link has-white-background-color has-text-color has-background wp-element-button\" style=\"border-radius: 36px; color: #2e468cf2;\" href=\"https:\/\/www.prestaperu.com.pe\/wp-content\/uploads\/2023\/03\/Tramo-hasta-20-soles.pdf\" target=\"_blank\" rel=\"noreferrer noopener\">Descarga aqu\u00ed el archivo adjunto<\/a><\/div>\n<\/div>\n<\/div>\n<\/div>\n<p><!-- \/wp:paragraph --><\/p>\n<p><!-- wp:paragraph --><\/p>\n<p><!-- \/wp:paragraph --><\/p>\n<p><!-- wp:image {\"id\":2452,\"width\":\"172px\",\"height\":\"129px\",\"sizeSlug\":\"full\",\"linkDestination\":\"none\"} --><\/p>\n<p><!-- \/wp:paragraph --><\/p>\n<p><!-- wp:paragraph {\"textColor\":\"white\"} --><\/p>\n<p><!-- \/wp:paragraph --><\/p>\n<p><!-- wp:paragraph {\"textColor\":\"white\"} --><\/p>\n<p><!-- \/wp:paragraph --><\/p>\n<p><!-- wp:paragraph --><\/p>\n<p><strong><a href=\"https:\/\/www.prestaperu.com.pe\/index.php\/comunicados-2023\">regresar al inicio<\/a><\/strong><\/p>\n<p><!-- \/wp:paragraph --><\/p>\n<p><!-- wp:paragraph {\"textColor\":\"white\"} --><\/p>\n<p class=\"has-white-color has-text-color\">..<\/p>\n<p><!-- \/wp:paragraph --><\/p>\n<p><!-- wp:paragraph {\"textColor\":\"white\"} --><\/p>\n<p><!-- \/wp:paragraph --><\/p>\n<p><!-- wp:paragraph {\"textColor\":\"white\"} --><\/p>\n<p><!-- \/wp:paragraph --><\/p>\n<p><!-- wp:paragraph {\"align\":\"center\",\"textColor\":\"vivid-red\",\"fontSize\":\"medium\"} --><\/p>\n<p class=\"has-text-align-center has-vivid-red-color has-text-color has-medium-font-size\" style=\"text-align: center;\"><span style=\"color: #993300;\">_____________________________________________________________________________________________________<\/span><\/p>\n<p><!-- \/wp:paragraph --><\/p>\n<p><!-- wp:paragraph {\"align\":\"center\",\"textColor\":\"white\",\"fontSize\":\"medium\"} --><\/p>\n<p class=\"has-text-align-center has-white-color has-text-color has-medium-font-size\">\u00a0<\/p>\n<p><!-- \/wp:paragraph --><\/p>\n<p><!-- wp:paragraph {\"align\":\"center\",\"textColor\":\"white\",\"fontSize\":\"medium\"} --><\/p>\n<p><!-- \/wp:paragraph --><\/p>\n<p><!-- wp:paragraph {\"align\":\"center\",\"style\":{\"typography\":{\"fontSize\":\"28px\"},\"color\":{\"text\":\"#2e468cf2\"}}} --><\/p>\n<p class=\"has-text-align-center has-text-color\" style=\"color: #2e468cf2; font-size: 28px;\"><strong>COOPERATIVA DE AHORRO Y CR\u00c9DITO DEL PER\u00da LTDA. EN LIQUIDACI\u00d3N (PRESTAPERU)<\/strong><\/p>\n<p><!-- \/wp:paragraph --><\/p>\n<p><!-- wp:paragraph {\"align\":\"center\",\"style\":{\"typography\":{\"fontSize\":\"28px\"},\"color\":{\"text\":\"#2e468cf2\"}}} --><\/p>\n<p class=\"has-text-align-center has-text-color\" style=\"color: #2e468cf2; font-size: 28px;\"><strong>COMUNICADO N\u00ba 07-2023-PRESTAPERU-LIQ.<\/strong><\/p>\n<p><!-- \/wp:paragraph --><\/p>\n<p><!-- wp:paragraph {\"textColor\":\"white\"} --><\/p>\n<p class=\"has-white-color has-text-color\">\u00a0<\/p>\n<p><!-- \/wp:paragraph --><\/p>\n<p><!-- wp:paragraph {\"align\":\"center\",\"style\":{\"typography\":{\"fontSize\":\"22px\"}}} --><\/p>\n<p class=\"has-text-align-center\" style=\"font-size: 22px;\">Se pone en conocimiento de los socios y del p\u00fablico en general, que para el proceso de pago de la Prelaci\u00f3n B (Cumplimiento de la Garant\u00eda del Ahorro) y a fin de sincerar \u00a0el n\u00famero de acreedores de este nivel, se va a iniciar el proceso de cobro \u2013 compensaci\u00f3n, a los\u00a0 socios acreedores y a la vez deudores que tengan un saldo en acreencias (dep\u00f3sitos) menores al cr\u00e9dito adeudado a la Cooperativa, en concordancia con la cl\u00e1usula S\u00e9ptima \u201cContrato de Mutuo\u201d firmado por el deudor en el otorgamiento del cr\u00e9dito a su favor, aplicaci\u00f3n que se har\u00e1 bajo el siguiente orden: intereses moratorios, intereses compensatorios, inter\u00e9s pactado y capital adeudado.<\/p>\n<p><!-- \/wp:paragraph --><\/p>\n<p><!-- wp:paragraph {\"align\":\"center\",\"style\":{\"typography\":{\"fontSize\":\"22px\"}}} --><\/p>\n<p class=\"has-text-align-center\" style=\"font-size: 22px;\">Aplicado el cobro, se proceder\u00e1 a la cobranza de los saldos deudores.<\/p>\n<p><!-- \/wp:paragraph --><\/p>\n<p><!-- wp:paragraph {\"align\":\"center\",\"style\":{\"typography\":{\"fontSize\":\"22px\"}}} --><\/p>\n<p class=\"has-text-align-center\" style=\"font-size: 22px;\">Se adjunta relaci\u00f3n de acreedores (945), cuyo importe de su acreencia est\u00e1 entre S\/. 0.01 a S\/. 49,500 (s\u00f3lo capital) y\u00a0que a la vez son deudores comprendidos en esta aplicaci\u00f3n.<\/p>\n<p><!-- \/wp:paragraph --><\/p>\n<p><!-- wp:paragraph {\"align\":\"center\",\"style\":{\"typography\":{\"fontSize\":\"22px\"}}} --><\/p>\n<p class=\"has-text-align-center\" style=\"font-size: 22px;\">Consultas a:\u00a0<a href=\"mailto:comunicaciones.prestaperu@gmail.com\">comunicaciones.prestaperu@gmail.com<\/a>\u00a0y al tel\u00e9fono: (054) 224580. \u00a0<\/p>\n<p><!-- \/wp:paragraph --><\/p>\n<p><!-- wp:paragraph {\"align\":\"center\",\"style\":{\"typography\":{\"fontSize\":\"22px\"}}} --><\/p>\n<p>\u00a0<\/p>\n<p class=\"has-text-align-center\" style=\"font-size: 22px;\">Arequipa, marzo\u00a0del 2023.<\/p>\n<p><!-- \/wp:paragraph --><\/p>\n<p><!-- wp:paragraph {\"align\":\"center\",\"style\":{\"typography\":{\"fontSize\":\"22px\"}}} --><\/p>\n<p class=\"has-text-align-center\" style=\"font-size: 22px;\">Liquidadora Judicial de la Cooperativa de Ahorro y Cr\u00e9dito del Per\u00fa Ltda. en Liquidaci\u00f3n (PRESTAPERU).<\/p>\n<p>\u00a0<\/p>\n<p><!-- \/wp:paragraph --><\/p>\n<p><!-- wp:paragraph {\"align\":\"center\",\"textColor\":\"white\",\"fontSize\":\"medium\"} --><\/p>\n<p><!-- \/wp:paragraph --><\/p>\n<p><!-- wp:paragraph {\"textColor\":\"white\"} --><\/p>\n<div class=\"wp-block-buttons\">\n<div class=\"wp-block-buttons\">\n<div class=\"wp-block-buttons is-layout-flex wp-block-buttons-is-layout-flex\">\n<div class=\"wp-block-button is-style-outline\"><a class=\"wp-block-button__link has-white-background-color has-text-color has-background wp-element-button\" style=\"border-radius: 36px; color: #2e468cf2;\" href=\"https:\/\/www.prestaperu.com.pe\/wp-content\/uploads\/2023\/03\/945-Socios-Deudores-S.pdf\" target=\"_blank\" rel=\"noreferrer noopener\">Descarga aqu\u00ed el archivo adjunto<\/a><\/div>\n<\/div>\n<\/div>\n<\/div>\n<p><!-- \/wp:paragraph --><\/p>\n<p><!-- wp:paragraph --><\/p>\n<div class=\"wp-block-buttons\"><span style=\"color: #ffffff;\">.<\/span><strong><a href=\"https:\/\/www.prestaperu.com.pe\/index.php\/comunicados-2023\">regresar al inicio<\/a><\/strong><\/div>\n<p><!-- \/wp:paragraph --><\/p>\n<p><!-- wp:paragraph --><\/p>\n<p><!-- \/wp:paragraph --><\/p>\n<p><!-- wp:paragraph {\"textColor\":\"white\"} --><\/p>\n<p class=\"has-white-color has-text-color\">\u00a0<\/p>\n<p>\u00a0<\/p>\n<p><!-- \/wp:paragraph --><\/p>\n<p><!-- wp:paragraph {\"textColor\":\"white\"} --><\/p>\n<p><!-- \/wp:paragraph --><\/p>\n<p><!-- wp:paragraph {\"align\":\"center\",\"textColor\":\"vivid-red\",\"fontSize\":\"medium\"} --><\/p>\n<p class=\"has-text-align-center has-vivid-red-color has-text-color has-medium-font-size\" style=\"text-align: center;\">_____________________________________________________________________________________________________<\/p>\n<p><!-- \/wp:paragraph --><\/p>\n<p><!-- wp:paragraph {\"align\":\"center\",\"textColor\":\"white\",\"fontSize\":\"medium\"} --><\/p>\n<p class=\"has-text-align-center has-white-color has-text-color has-medium-font-size\">\u00a0<\/p>\n<p><!-- \/wp:paragraph --><\/p>\n<p><!-- wp:paragraph {\"align\":\"center\",\"textColor\":\"white\",\"fontSize\":\"medium\"} --><\/p>\n<p><!-- \/wp:paragraph --><\/p>\n<p><!-- wp:paragraph {\"align\":\"center\",\"style\":{\"typography\":{\"fontSize\":\"28px\"},\"color\":{\"text\":\"#2e468cf2\"}}} --><\/p>\n<p class=\"has-text-align-center has-text-color\" style=\"color: #2e468cf2; font-size: 28px;\"><strong>COOPERATIVA DE AHORRO Y CR\u00c9DITO DEL PER\u00da LTDA. EN LIQUIDACI\u00d3N (PRESTAPERU)<\/strong><\/p>\n<p><!-- \/wp:paragraph --><\/p>\n<p><!-- wp:paragraph {\"align\":\"center\",\"style\":{\"typography\":{\"fontSize\":\"28px\"},\"color\":{\"text\":\"#2e468cf2\"}}} --><\/p>\n<p class=\"has-text-align-center has-text-color\" style=\"color: #2e468cf2; font-size: 28px;\"><strong>COMUNICADO N\u00ba 06-2023-PRESTAPERU-LIQ.<\/strong><\/p>\n<p><!-- \/wp:paragraph --><\/p>\n<p><!-- wp:paragraph {\"textColor\":\"white\"} --><\/p>\n<p class=\"has-white-color has-text-color\">\u00a0<\/p>\n<p><!-- \/wp:paragraph --><\/p>\n<p><!-- wp:paragraph {\"align\":\"center\",\"style\":{\"typography\":{\"fontSize\":\"22px\"}}} --><\/p>\n<p class=\"has-text-align-center\" style=\"font-size: 22px;\">Se pone en conocimiento de los socios y del p\u00fablico en general, que en la relaci\u00f3n de inmuebles adjuntada al Comunicado N\u00b0 04-2023-PRESTAPERU-LIQ, se consign\u00f3 respecto del inmueble ubicado en: \u201cPrograma de Vivienda Urb. Ciudad del Pescador, calle 21, N\u00b0 104, distrito de Bellavista, provincia del Callao, departamento de Lima (Numeral 11) el valor de tasaci\u00f3n de todo el inmueble (Ya que as\u00ed, anteriormente efectuaron la tasaci\u00f3n); sin embargo, en el referido inmueble, PRESTAPERU es copropietaria del 9.11% de los derechos del bien, tal como consta en la Escritura P\u00fablica de fecha 04 de octubre del 2017 sobre transferencia de derechos y acciones de bien inmueble v\u00eda Daci\u00f3n en Pago de deuda, levantamiento de Hipoteca y cl\u00e1usula adicional de opci\u00f3n de compraventa, otorgado ante Notario P\u00fablico de Arequipa, Dr. Fernando Begazo Delgado de fecha 04 de octubre de 2017.<\/p>\n<p><!-- \/wp:paragraph --><\/p>\n<p><!-- wp:paragraph {\"align\":\"center\",\"style\":{\"typography\":{\"fontSize\":\"22px\"}}} --><\/p>\n<p class=\"has-text-align-center\" style=\"font-size: 22px;\">Asimismo, en la tasaci\u00f3n actualizada, se especificar\u00e1 el valor de los derechos de PRESTAPERU que ser\u00e1n objeto de venta.<\/p>\n<p><!-- \/wp:paragraph --><\/p>\n<p><!-- wp:paragraph {\"align\":\"center\",\"style\":{\"typography\":{\"fontSize\":\"22px\"}}} --><\/p>\n<p>\u00a0<\/p>\n<p class=\"has-text-align-center\" style=\"font-size: 22px;\">Arequipa, marzo del 2023.<\/p>\n<p><!-- \/wp:paragraph --><\/p>\n<p><!-- wp:paragraph {\"align\":\"center\",\"style\":{\"typography\":{\"fontSize\":\"22px\"}}} --><\/p>\n<p class=\"has-text-align-center\" style=\"font-size: 22px;\">Liquidadora Judicial de la Cooperativa de Ahorro y Cr\u00e9dito del Per\u00fa Ltda. en Liquidaci\u00f3n (PRESTAPERU).<\/p>\n<p><!-- \/wp:paragraph --><\/p>\n<p><!-- wp:paragraph {\"align\":\"center\",\"textColor\":\"white\",\"fontSize\":\"medium\"} --><\/p>\n<p><!-- \/wp:paragraph --><\/p>\n<p><!-- wp:paragraph {\"align\":\"center\",\"textColor\":\"white\",\"fontSize\":\"medium\"} --><\/p>\n<p><!-- \/wp:paragraph --><\/p>\n<p><!-- wp:paragraph --><\/p>\n<p><!-- \/wp:paragraph --><\/p>\n<p><!-- wp:paragraph --><\/p>\n<p><strong><a href=\"https:\/\/www.prestaperu.com.pe\/index.php\/comunicados-2023\">regresar al inicio<\/a><\/strong><\/p>\n<p><!-- \/wp:paragraph --><\/p>\n<p><!-- wp:paragraph {\"textColor\":\"white\"} --><\/p>\n<p class=\"has-white-color has-text-color\">\u00a0<\/p>\n<p><!-- \/wp:paragraph --><\/p>\n<p><!-- wp:paragraph {\"align\":\"center\",\"textColor\":\"vivid-red\",\"fontSize\":\"medium\"} --><\/p>\n<p class=\"has-text-align-center has-vivid-red-color has-text-color has-medium-font-size\">_____________________________________________________________________________________________________<\/p>\n<p><!-- \/wp:paragraph --><\/p>\n<p><!-- wp:paragraph {\"textColor\":\"white\"} --><\/p>\n<p><!-- \/wp:paragraph --><\/p>\n<p><!-- wp:paragraph {\"align\":\"center\",\"textColor\":\"white\",\"fontSize\":\"medium\"} --><\/p>\n<p class=\"has-text-align-center has-white-color has-text-color has-medium-font-size\">\u00a0<\/p>\n<p>\u00a0<\/p>\n<p><!-- \/wp:paragraph --><\/p>\n<p><!-- wp:paragraph {\"align\":\"center\",\"style\":{\"typography\":{\"fontSize\":\"28px\"},\"color\":{\"text\":\"#2e468cf2\"}}} --><\/p>\n<h3 class=\"has-text-align-center\"><span style=\"color: #1a1a99;\"><strong><mark class=\"has-inline-color\" style=\"background-color: rgba(0, 0, 0, 0);\"><span style=\"color: #1a1a99;\">COOPERATIVA DE AHORRO Y CR\u00c9DITO DEL PER\u00da LTDA. EN LIQUIDACI\u00d3N (PRESTAPERU)<\/span><\/mark><\/strong><\/span><\/h3>\n<h3 class=\"has-text-align-center\"><span style=\"color: #1a1a99;\"><strong><mark class=\"has-inline-color\" style=\"background-color: rgba(0, 0, 0, 0);\"><span style=\"color: #1a1a99;\">COMUNICADO N\u00ba 05-2023-PRESTAPERU-LIQ<\/span>.<\/mark><\/strong><\/span><\/h3>\n<p><!-- \/wp:paragraph --><\/p>\n<p><!-- wp:paragraph {\"textColor\":\"white\"} --><\/p>\n<p class=\"has-white-color has-text-color\">\u00a0<\/p>\n<p><!-- \/wp:paragraph --><\/p>\n<p><!-- wp:paragraph {\"align\":\"center\",\"style\":{\"typography\":{\"fontSize\":\"22px\"}}} --><\/p>\n<h3 class=\"has-text-align-center\">Se pone en conocimiento de los socios y del p\u00fablico en general, que conforme lo<br \/>establecen los art\u00edculos 10 y 11 de los Estatutos de PRESTAPERU, concordantes<br \/>con el art\u00edculo 19 del Texto \u00danico Ordenado de la Ley General de Cooperativas,<br \/>todos los socios de la Cooperativa tienen igualdad de derechos; en consecuencia,<br \/>no hay socio que tenga atenci\u00f3n preferencial en el pago de sus acreencias, las<br \/>cuales se llevar\u00e1n a cabo conforme al orden de prelaci\u00f3n establecido por Ley.<br \/>Asimismo; toda informaci\u00f3n que soliciten los socios y terceros, pueden continuar<br \/>efectu\u00e1ndolas en forma directa y sin intermediarios, a trav\u00e9s del correo<br \/>institucional de la Cooperativa:\u00a0<a href=\"mailto:comunicaciones.prestaperu@gmail.com\">comunicaciones.prestaperu@gmail.com<\/a>\u00a0y al<br \/>tel\u00e9fono: (054) 224580, pudiendo tambi\u00e9n presentarlas f\u00edsicamente en la Av.<br \/>Goyeneche 305, distrito, provincia y departamento de Arequipa; debiendo de tener<br \/>presente, que la Cooperativa en Liquidaci\u00f3n no efect\u00faa ning\u00fan cobro por la<br \/>informaci\u00f3n que se les entrega.<\/h3>\n<h3 class=\"has-text-align-center\"><br \/><strong>Arequipa, febrero del 2023.<\/strong><\/h3>\n<h3><strong><!-- \/wp:paragraph --><\/strong><\/h3>\n<h3><strong><!-- wp:paragraph {\"align\":\"center\",\"style\":{\"typography\":{\"fontSize\":\"22px\"}}} --><\/strong><\/h3>\n<h3 class=\"has-text-align-center\"><strong>Liquidadora Judicial de la Cooperativa de Ahorro y Cr\u00e9dito del Per\u00fa Ltda. en<\/strong><br \/><strong>Liquidaci\u00f3n<\/strong> (<strong>PRESTAPERU<\/strong>).<\/h3>\n<p><!-- \/wp:paragraph --><\/p>\n<p><!-- wp:paragraph {\"align\":\"center\",\"textColor\":\"white\",\"fontSize\":\"medium\"} --><\/p>\n<p><!-- \/wp:paragraph --><\/p>\n<p><!-- wp:paragraph {\"align\":\"center\",\"textColor\":\"white\",\"fontSize\":\"medium\"} --><\/p>\n<p><!-- \/wp:paragraph --><\/p>\n<p><!-- wp:paragraph --><\/p>\n<p><strong><a href=\"https:\/\/www.prestaperu.com.pe\/index.php\/comunicados-2023\">regresar al inicio<\/a><\/strong><\/p>\n<p><!-- \/wp:paragraph --><\/p>\n<p><!-- wp:paragraph {\"textColor\":\"white\"} --><\/p>\n<p class=\"has-white-color has-text-color\">\u00a0<\/p>\n<p><!-- \/wp:paragraph --><\/p>\n<p><!-- wp:paragraph {\"textColor\":\"white\"} --><\/p>\n<p><!-- \/wp:paragraph --><\/p>\n<p><!-- wp:paragraph {\"align\":\"center\",\"textColor\":\"vivid-red\",\"fontSize\":\"medium\"} --><\/p>\n<p class=\"has-text-align-center has-vivid-red-color has-text-color has-medium-font-size\">_____________________________________________________________________________________________________<\/p>\n<p><!-- \/wp:paragraph --><\/p>\n<p><!-- wp:paragraph {\"align\":\"center\",\"textColor\":\"white\",\"fontSize\":\"medium\"} --><\/p>\n<p>\u00a0<\/p>\n<p>\u00a0<\/p>\n<h3 class=\"has-text-align-center\"><span style=\"color: #1a1a99;\"><strong><mark class=\"has-inline-color\" style=\"background-color: rgba(0, 0, 0, 0);\"><span style=\"color: #1a1a99;\">COOPERATIVA DE AHORRO Y CR\u00c9DITO DEL PER\u00da LTDA. EN LIQUIDACI\u00d3N (PRESTAPERU)<\/span><\/mark><\/strong><\/span><\/h3>\n<h3 class=\"has-text-align-center\"><span style=\"color: #1a1a99;\"><strong><mark class=\"has-inline-color\" style=\"background-color: rgba(0, 0, 0, 0);\"><span style=\"color: #1a1a99;\">COMUNICADO N\u00ba 04-2023-PRESTAPERU-LIQ.<\/span><\/mark><\/strong><\/span><\/h3>\n<p><span style=\"color: #1a1a99;\"><!-- \/wp:paragraph --><\/span><\/p>\n<p><span style=\"color: #1a1a99;\"><!-- wp:paragraph {\"align\":\"center\",\"style\":{\"typography\":{\"fontSize\":\"28px\"},\"color\":{\"text\":\"#030851\"}},\"textColor\":\"white\"} --><\/span><\/p>\n<p><!-- \/wp:paragraph --><\/p>\n<p><!-- wp:paragraph {\"align\":\"center\",\"style\":{\"typography\":{\"fontSize\":\"22px\"}}} --><\/p>\n<h3 class=\"has-text-align-center\"><strong>Se pone en conocimiento de los socios y del p\u00fablico en general, la relaci\u00f3n de los 83 inmuebles de propiedad de la Cooperativa de Ahorro y Cr\u00e9dito del Per\u00fa Ltda. en Liquidaci\u00f3n, cuya venta ha sido autorizada por el Juzgado Transitorio Civil de Arequipa.<\/strong><\/h3>\n<h3><strong><!-- \/wp:paragraph --><\/strong><\/h3>\n<h3><strong><!-- wp:paragraph {\"align\":\"center\",\"style\":{\"typography\":{\"fontSize\":\"22px\"}}} --><\/strong><\/h3>\n<h3 class=\"has-text-align-center\"><strong>Asimismo se indica, que se est\u00e1 realizando el proceso de tasaci\u00f3n actualizada de cada uno de los inmuebles, a fin de tener el valor real de ellos para efectos de su venta por subasta p\u00fablica, cuya realizaci\u00f3n se aplicar\u00e1 para el proceso de pago de la Prelaci\u00f3n B (Cumplimiento de la Garant\u00eda del Ahorro).<\/strong><\/h3>\n<h3><strong><!-- \/wp:paragraph --><\/strong><\/h3>\n<h3><strong><!-- wp:paragraph {\"align\":\"center\",\"style\":{\"typography\":{\"fontSize\":\"22px\"}}} --><\/strong><\/h3>\n<h3 class=\"has-text-align-center\"><strong>Arequipa, febrero del 2023.<\/strong><\/h3>\n<h3><strong><!-- \/wp:paragraph --><\/strong><\/h3>\n<h3><strong><!-- wp:paragraph {\"align\":\"center\",\"style\":{\"typography\":{\"fontSize\":\"22px\"}}} --><\/strong><\/h3>\n<h3 class=\"has-text-align-center\"><strong>Liquidadora Judicial de la Cooperativa de Ahorro y Cr\u00e9dito del Per\u00fa Ltda. en Liquidaci\u00f3n (PRESTAPERU).<\/strong><\/h3>\n<p><!-- \/wp:paragraph --><\/p>\n<p><!-- wp:paragraph {\"align\":\"center\",\"textColor\":\"white\",\"fontSize\":\"medium\"} --><\/p>\n<p>\u00a0<\/p>\n<p><!-- \/wp:paragraph --><\/p>\n<p><!-- wp:paragraph {\"align\":\"center\",\"textColor\":\"white\",\"fontSize\":\"medium\"} --><\/p>\n<div class=\"wp-block-buttons\">\n<div class=\"wp-block-buttons\">\n<div class=\"wp-block-buttons is-layout-flex wp-block-buttons-is-layout-flex\">\n<div class=\"wp-block-button is-style-outline\"><a class=\"wp-block-button__link has-white-background-color has-text-color has-background wp-element-button\" href=\"https:\/\/www.prestaperu.com.pe\/wp-content\/uploads\/2023\/02\/83-Inmuebles-pdf-en-pagina-web.pdf\" target=\"_blank\" rel=\"noreferrer noopener\">Descarga aqu\u00ed la relaci\u00f3n de los 83 inmuebles<\/a><\/div>\n<\/div>\n<\/div>\n<\/div>\n<p><!-- \/wp:paragraph --><\/p>\n<p><!-- wp:paragraph --><\/p>\n<p><!-- \/wp:paragraph --><\/p>\n<p><!-- wp:paragraph {\"textColor\":\"white\"} --><\/p>\n<p class=\"has-white-color has-text-color\"><strong style=\"font-size: revert; color: initial;\"><a href=\"https:\/\/www.prestaperu.com.pe\/index.php\/comunicados-2023\">regresar al inicio<\/a><\/strong><\/p>\n<p><!-- \/wp:paragraph --><\/p>\n<p><!-- wp:paragraph {\"textColor\":\"white\"} --><\/p>\n<p>\u00a0<\/p>\n<p class=\"has-text-align-center has-vivid-red-color has-text-color has-medium-font-size\">_____________________________________________________________________________________________________<\/p>\n<p><!-- \/wp:paragraph --><\/p>\n<p><!-- wp:paragraph {\"align\":\"center\",\"textColor\":\"white\",\"fontSize\":\"medium\"} --><\/p>\n<p><!-- \/wp:paragraph --><\/p>\n<p><!-- wp:paragraph {\"align\":\"center\",\"textColor\":\"white\",\"fontSize\":\"medium\"} --><\/p>\n<p class=\"has-text-align-center has-white-color has-text-color has-medium-font-size\">\u00a0<\/p>\n<p>\u00a0<\/p>\n<p><!-- \/wp:paragraph --><\/p>\n<p><!-- wp:paragraph {\"align\":\"center\",\"style\":{\"typography\":{\"fontSize\":\"28px\"},\"color\":{\"text\":\"#2e468cf2\"}}} --><\/p>\n<h3 class=\"has-text-align-center\"><span style=\"color: #1a1a99;\"><strong><mark class=\"has-inline-color\" style=\"background-color: rgba(0, 0, 0, 0);\"><span style=\"color: #1a1a99;\">COOPERATIVA DE AHORRO Y CR\u00c9DITO DEL PER\u00da LTDA. EN LIQUIDACI\u00d3N (PRESTAPERU)<\/span><\/mark><\/strong><\/span><\/h3>\n<h3 class=\"has-text-align-center\"><span style=\"color: #1a1a99;\"><strong><mark class=\"has-inline-color\" style=\"background-color: rgba(0, 0, 0, 0);\"><span style=\"color: #1a1a99;\">COMUNICADO N\u00ba 03-2023-PRESTAPERU-LIQ.<\/span><\/mark><\/strong><\/span><\/h3>\n<p><!-- \/wp:paragraph --><\/p>\n<p><!-- wp:paragraph {\"textColor\":\"white\"} --><\/p>\n<p class=\"has-white-color has-text-color\">\u00a0<\/p>\n<p><!-- \/wp:paragraph --><\/p>\n<p><!-- wp:paragraph {\"align\":\"center\",\"style\":{\"typography\":{\"fontSize\":\"22px\"}}} --><\/p>\n<h3 class=\"has-text-align-center\">Se pone en conocimiento de los socios y del p\u00fablico en general, que el Juzgado Transitorio Civil de Arequipa, mediante Resoluci\u00f3n N\u00b0 57 de fecha 27.01.2023, ha autorizado la venta de 83 inmuebles de propiedad de la Cooperativa de Ahorro y Cr\u00e9dito del Per\u00fa Ltda. en Liquidaci\u00f3n, cuya realizaci\u00f3n servir\u00e1 para el proceso de pago de la Prelaci\u00f3n B (Cumplimiento de la Garant\u00eda del Ahorro).<\/h3>\n<h3><!-- \/wp:paragraph --><\/h3>\n<h3><!-- wp:paragraph {\"align\":\"center\",\"style\":{\"typography\":{\"fontSize\":\"22px\"}}} --><\/h3>\n<h3 class=\"has-text-align-center\">Oportunamente se pondr\u00e1 en conocimiento la relaci\u00f3n de los inmuebles as\u00ed como la forma de venta.<\/h3>\n<h3><!-- \/wp:paragraph --><\/h3>\n<h3><!-- wp:paragraph {\"align\":\"center\",\"style\":{\"typography\":{\"fontSize\":\"22px\"}}} --><\/h3>\n<h3 class=\"has-text-align-center\">Finalmente, en funci\u00f3n a la liquidez generada por la venta, se establecer\u00e1 un cronograma de pagos a favor de los acreedores de la Prelaci\u00f3n B, conforme a la Resoluci\u00f3n 5076-2018 SBS.<\/h3>\n<h3><!-- \/wp:paragraph --><\/h3>\n<h3><!-- wp:paragraph {\"align\":\"center\",\"style\":{\"typography\":{\"fontSize\":\"22px\"}}} --><\/h3>\n<h3>\u00a0<\/h3>\n<h3 class=\"has-text-align-center\">Arequipa, febrero del 2023.<\/h3>\n<h3><!-- \/wp:paragraph --><\/h3>\n<h3><!-- wp:paragraph {\"align\":\"center\",\"style\":{\"typography\":{\"fontSize\":\"22px\"}}} --><\/h3>\n<h3 class=\"has-text-align-center\">Liquidadora Judicial de la Cooperativa de Ahorro y Cr\u00e9dito del Per\u00fa Ltda. en Liquidaci\u00f3n (PRESTAPERU).<\/h3>\n<p><!-- \/wp:paragraph --><\/p>\n<p><!-- wp:paragraph {\"align\":\"center\",\"textColor\":\"white\",\"fontSize\":\"medium\"} --><\/p>\n<p><!-- \/wp:paragraph --><\/p>\n<p><!-- wp:paragraph --><\/p>\n<p><a href=\"https:\/\/www.prestaperu.com.pe\/index.php\/comunicados-2023\">regresar al inicio<\/a><\/p>\n<p><!-- \/wp:paragraph --><\/p>\n<p><!-- wp:paragraph {\"textColor\":\"white\"} --><\/p>\n<p>\u00a0<\/p>\n<p class=\"has-text-align-center has-vivid-red-color has-text-color has-medium-font-size\">_____________________________________________________________________________________________________<\/p>\n<p><!-- \/wp:paragraph --><\/p>\n<p><!-- wp:paragraph {\"textColor\":\"white\"} --><\/p>\n<p>\u00a0<\/p>\n<p>\u00a0<\/p>\n<p><!-- \/wp:paragraph --><\/p>\n<p><!-- wp:paragraph {\"align\":\"center\",\"style\":{\"typography\":{\"fontSize\":\"28px\"},\"color\":{\"text\":\"#2e468cf2\"}}} --><\/p>\n<h3 class=\"has-text-align-center\"><span style=\"color: #1a1a99;\"><strong><mark class=\"has-inline-color\" style=\"background-color: rgba(0, 0, 0, 0);\">C<span style=\"color: #1a1a99;\">OOPERATIVA DE AHORRO Y CR\u00c9DITO DEL PER\u00da LTDA. EN LIQUIDACI\u00d3N (PRESTAPERU)<\/span><\/mark><\/strong><\/span><\/h3>\n<h3 class=\"has-text-align-center\"><span style=\"color: #1a1a99;\"><strong><mark class=\"has-inline-color\" style=\"background-color: rgba(0, 0, 0, 0);\"><span style=\"color: #1a1a99;\">COMUNICADO N\u00ba 02-2023-PRESTAPERU-LIQ.<\/span><\/mark><\/strong><\/span><\/h3>\n<p><!-- \/wp:paragraph --><\/p>\n<p><!-- wp:paragraph {\"style\":{\"typography\":{\"fontSize\":\"28px\"},\"color\":{\"text\":\"#2e468cf2\"}}} --><\/p>\n<p><!-- \/wp:paragraph --><\/p>\n<p><!-- wp:paragraph {\"align\":\"center\",\"style\":{\"typography\":{\"fontSize\":\"22px\"}}} --><\/p>\n<h3 class=\"has-text-align-center\"><strong>Se pone en conocimiento de los socios y del p\u00fablico en general, los Estados Financieros, sus notas y el Flujo de Caja al 31.12.2023, de la Cooperativa de Ahorro y Cr\u00e9dito del Per\u00fa Ltda. en Liquidaci\u00f3n.<\/strong><\/h3>\n<h3><strong><!-- \/wp:paragraph --><\/strong><\/h3>\n<h3><strong><!-- wp:paragraph {\"align\":\"center\",\"style\":{\"typography\":{\"fontSize\":\"22px\"}}} --><\/strong><\/h3>\n<h3>\u00a0<\/h3>\n<h3 class=\"has-text-align-center\"><strong>Arequipa, febrero del 2023.<\/strong><\/h3>\n<h3><strong><!-- \/wp:paragraph --><\/strong><\/h3>\n<h3><strong><!-- wp:paragraph {\"align\":\"center\",\"style\":{\"typography\":{\"fontSize\":\"22px\"}}} --><\/strong><\/h3>\n<h3 class=\"has-text-align-center\"><strong>Liquidadora Judicial de la Cooperativa de Ahorro y Cr\u00e9dito del Per\u00fa Ltda. en Liquidaci\u00f3n (PRESTAPERU)<\/strong><\/h3>\n<p><!-- \/wp:paragraph --><\/p>\n<p><!-- wp:paragraph {\"textColor\":\"white\"} --><\/p>\n<p>\u00a0<\/p>\n<p><!-- \/wp:paragraph --><\/p>\n<p><!-- wp:paragraph {\"textColor\":\"white\"} --><\/p>\n<div class=\"wp-block-buttons\">\n<div class=\"wp-block-buttons\">\n<div class=\"wp-block-buttons is-layout-flex wp-block-buttons-is-layout-flex\">\n<div class=\"wp-block-button is-style-outline\"><a class=\"wp-block-button__link has-white-background-color has-text-color has-background wp-element-button\" href=\"https:\/\/mega.nz\/file\/Eg4XgQBK#Md8w1N6FqT95QAppgyLi0G0un0WmCxbEVN8V2QINCZU\" target=\"_blank\" rel=\"noreferrer noopener\">Descarga aqu\u00ed los EE. FF., Notas y Flujo de Caja &#8211; Diciembre 2022<\/a><\/div>\n<\/div>\n<\/div>\n<\/div>\n<p><!-- \/wp:paragraph --><\/p>\n<p><!-- wp:paragraph --><\/p>\n<p><!-- \/wp:paragraph --><\/p>\n<p><!-- wp:image {\"id\":1034,\"width\":\"281px\",\"height\":\"98px\",\"sizeSlug\":\"large\",\"linkDestination\":\"none\",\"style\":{\"color\":{\"duotone\":[\"#000000\",\"#ffffff\"]}}} --><\/p>\n<p><!-- \/wp:paragraph --><\/p>\n<p><!-- wp:paragraph --><\/p>\n<p><strong><a href=\"https:\/\/www.prestaperu.com.pe\/index.php\/comunicados-2023\">regresar al inicio<\/a><\/strong><\/p>\n<p><!-- \/wp:paragraph --><\/p>\n<p><!-- wp:paragraph {\"textColor\":\"white\"} --><\/p>\n<p class=\"has-white-color has-text-color\">.<\/p>\n<p><!-- \/wp:paragraph --><\/p>\n<p><!-- wp:paragraph {\"textColor\":\"white\"} --><\/p>\n<p><!-- \/wp:paragraph --><\/p>\n<p><!-- wp:paragraph {\"align\":\"center\",\"textColor\":\"vivid-red\",\"fontSize\":\"medium\"} --><\/p>\n<p class=\"has-text-align-center has-vivid-red-color has-text-color has-medium-font-size\">_____________________________________________________________________________________________________<\/p>\n<p><!-- \/wp:paragraph --><\/p>\n<p><!-- wp:paragraph {\"align\":\"center\",\"textColor\":\"white\",\"fontSize\":\"medium\"} --><\/p>\n<p class=\"has-text-align-center has-white-color has-text-color has-medium-font-size\">.<\/p>\n<p><!-- \/wp:paragraph --><\/p>\n<p><!-- wp:paragraph {\"align\":\"center\",\"style\":{\"typography\":{\"fontSize\":\"28px\"},\"color\":{\"text\":\"#2e468cf2\"}}} --><\/p>\n<h3 class=\"has-text-align-center\"><span style=\"color: #1a1a99;\"><strong><mark class=\"has-inline-color\" style=\"background-color: rgba(0, 0, 0, 0);\"><span style=\"color: #1a1a99;\">COOPERATIVA DE AHORRO Y CR\u00c9DITO DEL PER\u00da LTDA. EN LIQUIDACI\u00d3N (PRESTAPERU)<\/span><\/mark><\/strong><\/span><\/h3>\n<h3 class=\"has-text-align-center\"><span style=\"color: #1a1a99;\"><strong><mark class=\"has-inline-color\" style=\"background-color: rgba(0, 0, 0, 0);\"><span style=\"color: #1a1a99;\">COMUNICADO<\/span> <span style=\"color: #1a1a99;\">N\u00ba 01-2023-PRESTAPERU-LIQ.<\/span><\/mark><\/strong><\/span><\/h3>\n<p><!-- \/wp:paragraph --><\/p>\n<p><!-- wp:paragraph {\"align\":\"center\",\"textColor\":\"white\",\"fontSize\":\"medium\"} --><\/p>\n<p class=\"has-text-align-center has-white-color has-text-color has-medium-font-size\">.<\/p>\n<p><!-- \/wp:paragraph --><\/p>\n<p><!-- wp:paragraph {\"align\":\"center\",\"style\":{\"typography\":{\"fontSize\":\"22px\"}}} --><\/p>\n<h3 class=\"has-text-align-center\">Se pone en conocimiento de los socios y del p\u00fablico en general, que ya se ha cumplido con aplicar la donaci\u00f3n de hasta S\/. 1,400.00\u00a0 a los acreedores que la cobraron en el Banco de la Naci\u00f3n, tal como se inform\u00f3 en el Comunicado N\u00b0 09-2022-PRESTAPERU-LIQ; habi\u00e9ndose actualizado el importe de las acreencias y el n\u00famero total de los acreedores de la Prelaci\u00f3n B, conforme aparece en el cuadro que se adjunta.<\/h3>\n<h3><!-- \/wp:paragraph --><\/h3>\n<h3><!-- wp:paragraph {\"align\":\"center\",\"style\":{\"typography\":{\"fontSize\":\"22px\"}}} --><\/h3>\n<h3 class=\"has-text-align-center\">Arequipa, febrero del 2023.<\/h3>\n<h3><!-- \/wp:paragraph --><\/h3>\n<h3><!-- wp:paragraph {\"align\":\"center\",\"style\":{\"typography\":{\"fontSize\":\"22px\"}}} --><\/h3>\n<h3 class=\"has-text-align-center\">Liquidadora Judicial de la Cooperativa de Ahorro y Cr\u00e9dito del Per\u00fa Ltda. en Liquidaci\u00f3n (PRESTAPERU).<\/h3>\n<p><!-- \/wp:paragraph --><\/p>\n<p><!-- wp:paragraph {\"align\":\"center\",\"textColor\":\"white\",\"fontSize\":\"medium\"} --><\/p>\n<p><!-- \/wp:paragraph --><\/p>\n<p><!-- wp:paragraph {\"textColor\":\"white\"} --><\/p>\n<div class=\"wp-block-buttons\">\n<div class=\"wp-block-buttons\">\n<div class=\"wp-block-buttons is-layout-flex wp-block-buttons-is-layout-flex\">\n<div class=\"wp-block-button is-style-outline\"><a class=\"wp-block-button__link has-white-background-color has-text-color has-background wp-element-button\" href=\"https:\/\/www.prestaperu.com.pe\/wp-content\/uploads\/2023\/02\/Cuadro-general-de-acreencia-prelacion-B-al-31-12-2022.pdf\" target=\"_blank\" rel=\"noreferrer noopener\">Descarga aqu\u00ed el Cuadro de Acreencias Prelaci\u00f3n B.<\/a><\/div>\n<\/div>\n<\/div>\n<\/div>\n<p><span style=\"color: #ffffff;\"><!-- \/wp:paragraph --><\/span><\/p>\n<p><span style=\"color: #ffffff;\"><!-- wp:paragraph {\"textColor\":\"white\"} --><\/span><\/p>\n<p><!-- \/wp:paragraph --><\/p>\n<p><!-- wp:paragraph --><\/p>\n<p><strong><a href=\"https:\/\/www.prestaperu.com.pe\/index.php\/comunicados-2023\">regresar al inicio<\/a><\/strong><\/p>\n<p><!-- \/wp:paragraph --><\/p>\n<p><!-- wp:paragraph {\"textColor\":\"white\"} --><\/p>\n<p>\u00a0<\/p>\n<p class=\"has-text-align-center has-vivid-red-color has-text-color has-medium-font-size\">_____________________________________________________________________________________________________<\/p>\n<p><!-- \/wp:paragraph --><\/p>\n<p><!-- wp:paragraph {\"textColor\":\"white\"} --><\/p>\n<p><!-- \/wp:paragraph --><\/p>\n<p><!-- wp:paragraph {\"align\":\"center\",\"textColor\":\"white\",\"fontSize\":\"medium\"} --><\/p>\n<p><!-- \/wp:paragraph --><\/p>\n<p><!-- wp:paragraph {\"align\":\"center\",\"textColor\":\"white\",\"fontSize\":\"medium\"} --><\/p>\n<p><!-- \/wp:paragraph --><\/p>\n<p><!-- wp:paragraph {\"align\":\"center\",\"textColor\":\"white\",\"fontSize\":\"medium\"} --><\/p>\n<p><!-- \/wp:paragraph --><\/p>\n<p><!-- wp:paragraph {\"align\":\"center\",\"textColor\":\"white\",\"fontSize\":\"medium\"} --><\/p>\n<p><!-- \/wp:paragraph --><\/p>\n<p><!-- wp:buttons --><\/p>\n<div class=\"wp-block-buttons\"><!-- wp:button \/--><\/div>\n<p><!-- wp:button \/--><\/p>\n<p><!-- wp:button \/--><\/p>\n<p><!-- \/wp:buttons --><\/p>\n<p><!-- wp:buttons --><\/p>\n<div class=\"wp-block-buttons\"><!-- wp:button \/--><\/div>\n<p><!-- wp:button \/--><\/p>\n<p><!-- \/wp:buttons --><\/p>\n<p><!-- wp:buttons --><\/p>\n<div class=\"wp-block-buttons\"><!-- wp:button \/--><\/div>\n<p><!-- \/wp:buttons --><\/p>\n<p><!-- wp:buttons --><\/p>\n<div class=\"wp-block-buttons\"><!-- wp:button \/--><\/div>\n<p><!-- \/wp:buttons --><\/p>\n\n<!-- wp:paragraph -->\n<p><strong><a href=\"https:\/\/www.prestaperu.com.pe\/\"><em>Regresar a la P\u00e1g. Principa<\/em>l<\/a><\/strong><\/p>\n<!-- \/wp:paragraph -->","protected":false},"excerpt":{"rendered":"<p>. . ENT\u00c9RATE POR AQU\u00cd DE TODOS NUESTROS COMUNICADOS SOBRE LA LIQUIDACI\u00d3N&nbsp;Y MAS: . &#8230;. ________________________________________________________________________________________________________________ . . A\u00d1O 2023 &#8230;<\/p>\n","protected":false},"author":1,"featured_media":0,"parent":0,"menu_order":0,"comment_status":"closed","ping_status":"closed","template":"","meta":{"footnotes":""},"class_list":["post-2367","page","type-page","status-publish","hentry"],"_links":{"self":[{"href":"https:\/\/www.prestaperu.com.pe\/index.php\/wp-json\/wp\/v2\/pages\/2367","targetHints":{"allow":["GET"]}}],"collection":[{"href":"https:\/\/www.prestaperu.com.pe\/index.php\/wp-json\/wp\/v2\/pages"}],"about":[{"href":"https:\/\/www.prestaperu.com.pe\/index.php\/wp-json\/wp\/v2\/types\/page"}],"author":[{"embeddable":true,"href":"https:\/\/www.prestaperu.com.pe\/index.php\/wp-json\/wp\/v2\/users\/1"}],"replies":[{"embeddable":true,"href":"https:\/\/www.prestaperu.com.pe\/index.php\/wp-json\/wp\/v2\/comments?post=2367"}],"version-history":[{"count":229,"href":"https:\/\/www.prestaperu.com.pe\/index.php\/wp-json\/wp\/v2\/pages\/2367\/revisions"}],"predecessor-version":[{"id":5476,"href":"https:\/\/www.prestaperu.com.pe\/index.php\/wp-json\/wp\/v2\/pages\/2367\/revisions\/5476"}],"wp:attachment":[{"href":"https:\/\/www.prestaperu.com.pe\/index.php\/wp-json\/wp\/v2\/media?parent=2367"}],"curies":[{"name":"wp","href":"https:\/\/api.w.org\/{rel}","templated":true}]}}